{"id":1023,"date":"2020-07-06T23:32:17","date_gmt":"2020-07-06T23:32:17","guid":{"rendered":"http:\/\/gonzalezdelvalle.comamsa.es\/?page_id=1023"},"modified":"2020-07-06T23:36:11","modified_gmt":"2020-07-06T23:36:11","slug":"aviso-legal","status":"publish","type":"page","link":"https:\/\/cartagena50.comamsa.es\/index.php\/aviso-legal\/","title":{"rendered":"Aviso legal"},"content":{"rendered":"[vc_row type=\u00bbin_container\u00bb full_screen_row_position=\u00bbmiddle\u00bb column_margin=\u00bbdefault\u00bb column_direction=\u00bbdefault\u00bb column_direction_tablet=\u00bbdefault\u00bb column_direction_phone=\u00bbdefault\u00bb scene_position=\u00bbcenter\u00bb text_color=\u00bbdark\u00bb text_align=\u00bbleft\u00bb row_border_radius=\u00bbnone\u00bb row_border_radius_applies=\u00bbbg\u00bb overlay_strength=\u00bb0.3&#8243; gradient_direction=\u00bbleft_to_right\u00bb shape_divider_position=\u00bbbottom\u00bb bg_image_animation=\u00bbnone\u00bb][vc_column column_padding=\u00bbpadding-8-percent\u00bb column_padding_tablet=\u00bbinherit\u00bb column_padding_phone=\u00bbinherit\u00bb column_padding_position=\u00bball\u00bb background_color=\u00bb#f2f2f2&#8243; background_color_opacity=\u00bb1&#8243; background_hover_color_opacity=\u00bb1&#8243; column_shadow=\u00bbnone\u00bb column_border_radius=\u00bbnone\u00bb column_link_target=\u00bb_self\u00bb gradient_direction=\u00bbleft_to_right\u00bb overlay_strength=\u00bb0.3&#8243; width=\u00bb1\/1&#8243; tablet_width_inherit=\u00bbdefault\u00bb tablet_text_alignment=\u00bbdefault\u00bb phone_text_alignment=\u00bbdefault\u00bb column_border_width=\u00bbnone\u00bb column_border_style=\u00bbsolid\u00bb bg_image_animation=\u00bbnone\u00bb][vc_row_inner column_margin=\u00bbdefault\u00bb column_direction=\u00bbdefault\u00bb column_direction_tablet=\u00bbdefault\u00bb column_direction_phone=\u00bbdefault\u00bb text_align=\u00bbleft\u00bb][vc_column_inner column_padding=\u00bbno-extra-padding\u00bb column_padding_tablet=\u00bbinherit\u00bb column_padding_phone=\u00bbinherit\u00bb column_padding_position=\u00bball\u00bb background_color_opacity=\u00bb1&#8243; background_hover_color_opacity=\u00bb1&#8243; column_shadow=\u00bbnone\u00bb column_border_radius=\u00bbnone\u00bb column_link_target=\u00bb_self\u00bb gradient_direction=\u00bbleft_to_right\u00bb overlay_strength=\u00bb0.3&#8243; width=\u00bb1\/1&#8243; tablet_width_inherit=\u00bbdefault\u00bb column_border_width=\u00bbnone\u00bb column_border_style=\u00bbsolid\u00bb bg_image_animation=\u00bbnone\u00bb][vc_column_text]\r\n<h3>Aviso Legal<\/h3>\r\n<p>&nbsp;<\/p>\r\n<h4><b>Informaci\u00f3n legal y aceptaci\u00f3n<\/b><\/h4>\r\n<p>Las presentes disposiciones regulan el uso del servicio del sitio web de Internet (en adelante, el \u201cSitio Web\u201d) que COMAMSA, S.A. (en adelante, \u201cCOMAMSA\u201d) pone a disposici\u00f3n de los usuarios de Internet.<\/p>\r\n<p>COMAMSA, con domicilio social en la calle Cervantes 11, 1\u00ba,\u00a033004-Oviedo, Asturias, Espa\u00f1a,\u00a0C.I.F. n\u00famero A-33092149,\u00a0Tel\u00e9fono: 985 96 32 32,\u00a0Fax: 985 25 10 56<\/p>\r\n<p>Est\u00e1 inscrita en el Registro Mercantil de Asturias, al Tomo 708, Libro 479, Folio 48, Secci\u00f3n 3, Hoja AS-2.548.<\/p>\r\n<p>El acceso a la p\u00e1gina web es gratuito salvo en lo relativo al coste de la conexi\u00f3n a trav\u00e9s de la red de telecomunicaciones suministrada por el proveedor de acceso contratado por los usuarios. Determinados servicios son exclusivos para nuestros clientes y su acceso se encuentra restringido.<\/p>\r\n<p>Los servicios que presta la Agencia con car\u00e1cter general, tienen el precio que se indique en la correspondiente oferta comercial y en ning\u00fan caso se ofrecen o prestan a trav\u00e9s del servicio del Sitio Web.<\/p>\r\n<p>&nbsp;<\/p>\r\n<h4><b>Propiedad intelectual e industrial<\/b><\/h4>\r\n<p>Todos los contenidos del Sitio Web, entendiendo por estos a t\u00edtulo meramente enunciativo los textos, fotograf\u00edas, gr\u00e1ficos, im\u00e1genes, iconos, tecnolog\u00eda, software, \u201clinks\u201d y dem\u00e1s contenidos audiovisuales o sonoros, as\u00ed como su dise\u00f1o gr\u00e1fico y c\u00f3digos fuente (en adelante, los \u2018Contenidos\u2019), son propiedad intelectual de COMAMSA o de terceros, sin que puedan entenderse cedidos al Usuario ninguno de los derechos de explotaci\u00f3n sobre los mismos m\u00e1s all\u00e1 de lo estrictamente necesario para el correcto uso del Sitio Web.<\/p>\r\n<p>Las marcas, nombres comerciales o signos distintivos son titularidad de COMAMSA o terceros, sin que pueda entenderse que el acceso al Sitio Web atribuya ning\u00fan derecho sobre las citadas marcas, nombres comerciales y\/o signos distintivos.<\/p>\r\n<p>&nbsp;<\/p>\r\n<h4><b>Condiciones de uso del Sitio Web<\/b><\/h4>\r\n<p>&nbsp;<\/p>\r\n<h5><strong>1. General<\/strong><\/h5>\r\n<p>El Usuario se obliga a hacer un uso correcto del Sitio Web de conformidad con la Ley y el presente Aviso Legal. El Usuario responder\u00e1 frente a COMAMSA o frente a terceros, de cualesquiera da\u00f1os y perjuicios que pudieran causarse como consecuencia del incumplimiento de dicha obligaci\u00f3n.<\/p>\r\n<p>Queda expresamente prohibido el uso del Sitio Web con fines lesivos de bienes o intereses de COMAMSA o de terceros o que de cualquier otra forma sobrecarguen, da\u00f1en o inutilicen las redes, servidores y dem\u00e1s equipos inform\u00e1ticos (\u201chardware\u201d) o productos y aplicaciones inform\u00e1ticas (\u201csoftware\u201d) de COMAMSA o de terceros.<\/p>\r\n<h5><strong>2. Contenidos<\/strong><\/h5>\r\n<p>El Usuario se compromete a utilizar los Contenidos de conformidad con la Ley y el presente Aviso Legal, as\u00ed como con las dem\u00e1s condiciones, reglamentos e instrucciones que en su caso pudieran ser de aplicaci\u00f3n de conformidad con lo dispuesto en la cl\u00e1usula 1.<\/p>\r\n<p>Con car\u00e1cter meramente enunciativo, el Usuario de acuerdo con la legislaci\u00f3n vigente deber\u00e1 abstenerse de:<\/p>\r\n<p>Reproducir, copiar, distribuir, poner a disposici\u00f3n, comunicar p\u00fablicamente, transformar o modificar los Contenidos salvo en los casos autorizados en la ley o expresamente consentidos por COMAMSA o por quien ostente la titularidad de los derechos de explotaci\u00f3n en su caso.<\/p>\r\n<p>Reproducir o copiar para uso privado los Contenidos que puedan ser considerados como Software o Base de Datos de conformidad con la legislaci\u00f3n vigente en materia de propiedad intelectual, as\u00ed como su comunicaci\u00f3n p\u00fablica o puesta a disposici\u00f3n de terceros cuando estos actos impliquen necesariamente la reproducci\u00f3n por parte del Usuario o de un tercero.<\/p>\r\n<p>Extraer y\/o reutilizar la totalidad o una parte sustancial de los Contenidos integrantes del Sitio Web, as\u00ed como de las bases de datos que COMAMSA ponga a disposici\u00f3n de los Usuarios.<\/p>\r\n<p>&nbsp;<\/p>\r\n<h4><b>Legislaci\u00f3n<\/b><\/h4>\r\n<p>Los t\u00e9rminos y condiciones que rigen este web site, as\u00ed como las relaciones que pudieran derivarse est\u00e1n protegidas y quedan sujetas a la legislaci\u00f3n espa\u00f1ola. comamsa.es para la resoluci\u00f3n de cualquier tipo de controversia, litigio o discrepancia que pudiera suscitarse entre el usuario y comamsa.es , por el uso de este sitio web, se acuerda el sometimiento de las mismas a los Juzgados y Tribunales de Oviedo, Espa\u00f1a.<\/p>\r\n[\/vc_column_text][\/vc_column_inner][\/vc_row_inner][\/vc_column][\/vc_row]","protected":false},"excerpt":{"rendered":"<p>[vc_row type=\u00bbin_container\u00bb full_screen_row_position=\u00bbmiddle\u00bb column_margin=\u00bbdefault\u00bb column_direction=\u00bbdefault\u00bb column_direction_tablet=\u00bbdefault\u00bb column_direction_phone=\u00bbdefault\u00bb scene_position=\u00bbcenter\u00bb text_color=\u00bbdark\u00bb text_align=\u00bbleft\u00bb row_border_radius=\u00bbnone\u00bb row_border_radius_applies=\u00bbbg\u00bb overlay_strength=\u00bb0.3&#8243; gradient_direction=\u00bbleft_to_right\u00bb shape_divider_position=\u00bbbottom\u00bb bg_image_animation=\u00bbnone\u00bb][vc_column column_padding=\u00bbpadding-8-percent\u00bb column_padding_tablet=\u00bbinherit\u00bb column_padding_phone=\u00bbinherit\u00bb column_padding_position=\u00bball\u00bb background_color=\u00bb#f2f2f2&#8243; background_color_opacity=\u00bb1&#8243; background_hover_color_opacity=\u00bb1&#8243; column_shadow=\u00bbnone\u00bb column_border_radius=\u00bbnone\u00bb column_link_target=\u00bb_self\u00bb gradient_direction=\u00bbleft_to_right\u00bb overlay_strength=\u00bb0.3&#8243; width=\u00bb1\/1&#8243; tablet_width_inherit=\u00bbdefault\u00bb&#8230;<\/p>\n","protected":false},"author":1,"featured_media":0,"parent":0,"menu_order":0,"comment_status":"closed","ping_status":"closed","template":"","meta":[],"yoast_head":"<!-- This site is optimized with the Yoast SEO plugin v18.2 - https:\/\/yoast.com\/wordpress\/plugins\/seo\/ -->\n<title>Aviso legal - Cartagena 50<\/title>\n<meta name=\"description\" content=\"Gonz\u00e1lez del Valle 9. Promoci\u00f3n de viviendas Passivhaus a la venta, en un edificio conectado, en el centro de Oviedo con la garant\u00eda de Comamsa.\" \/>\n<meta name=\"robots\" content=\"index, follow, max-snippet:-1, max-image-preview:large, max-video-preview:-1\" \/>\n<link rel=\"canonical\" href=\"https:\/\/cartagena50.comamsa.es\/index.php\/aviso-legal\/\" \/>\n<meta property=\"og:locale\" content=\"es_ES\" \/>\n<meta property=\"og:type\" content=\"article\" \/>\n<meta property=\"og:title\" content=\"Aviso legal - Cartagena 50\" \/>\n<meta property=\"og:description\" content=\"Gonz\u00e1lez del Valle 9. Promoci\u00f3n de viviendas Passivhaus a la venta, en un edificio conectado, en el centro de Oviedo con la garant\u00eda de Comamsa.\" \/>\n<meta property=\"og:url\" content=\"https:\/\/cartagena50.comamsa.es\/index.php\/aviso-legal\/\" \/>\n<meta property=\"og:site_name\" content=\"Cartagena 50\" \/>\n<meta property=\"article:publisher\" content=\"https:\/\/www.facebook.com\/comamsaconstruccion\" \/>\n<meta property=\"article:modified_time\" content=\"2020-07-06T23:36:11+00:00\" \/>\n<meta name=\"twitter:card\" content=\"summary_large_image\" \/>\n<meta name=\"twitter:label1\" content=\"Tiempo de lectura\" \/>\n\t<meta name=\"twitter:data1\" content=\"5 minutos\" \/>\n<script type=\"application\/ld+json\" class=\"yoast-schema-graph\">{\"@context\":\"https:\/\/schema.org\",\"@graph\":[{\"@type\":\"Organization\",\"@id\":\"https:\/\/cartagena50.comamsa.es\/#organization\",\"name\":\"Comamsa\",\"url\":\"https:\/\/cartagena50.comamsa.es\/\",\"sameAs\":[\"https:\/\/www.facebook.com\/comamsaconstruccion\",\"https:\/\/www.instagram.com\/comamsa\/\"],\"logo\":{\"@type\":\"ImageObject\",\"@id\":\"https:\/\/cartagena50.comamsa.es\/#logo\",\"inLanguage\":\"es\",\"url\":\"https:\/\/cartagena50.comamsa.es\/wp-content\/uploads\/2020\/06\/logo_comamsa_oficial.png\",\"contentUrl\":\"https:\/\/cartagena50.comamsa.es\/wp-content\/uploads\/2020\/06\/logo_comamsa_oficial.png\",\"width\":561,\"height\":111,\"caption\":\"Comamsa\"},\"image\":{\"@id\":\"https:\/\/cartagena50.comamsa.es\/#logo\"}},{\"@type\":\"WebSite\",\"@id\":\"https:\/\/cartagena50.comamsa.es\/#website\",\"url\":\"https:\/\/cartagena50.comamsa.es\/\",\"name\":\"Cartagena 50\",\"description\":\"Comamsa\",\"publisher\":{\"@id\":\"https:\/\/cartagena50.comamsa.es\/#organization\"},\"potentialAction\":[{\"@type\":\"SearchAction\",\"target\":{\"@type\":\"EntryPoint\",\"urlTemplate\":\"https:\/\/cartagena50.comamsa.es\/?s={search_term_string}\"},\"query-input\":\"required name=search_term_string\"}],\"inLanguage\":\"es\"},{\"@type\":\"WebPage\",\"@id\":\"https:\/\/cartagena50.comamsa.es\/index.php\/aviso-legal\/#webpage\",\"url\":\"https:\/\/cartagena50.comamsa.es\/index.php\/aviso-legal\/\",\"name\":\"Aviso legal - Cartagena 50\",\"isPartOf\":{\"@id\":\"https:\/\/cartagena50.comamsa.es\/#website\"},\"datePublished\":\"2020-07-06T23:32:17+00:00\",\"dateModified\":\"2020-07-06T23:36:11+00:00\",\"description\":\"Gonz\u00e1lez del Valle 9. Promoci\u00f3n de viviendas Passivhaus a la venta, en un edificio conectado, en el centro de Oviedo con la garant\u00eda de Comamsa.\",\"breadcrumb\":{\"@id\":\"https:\/\/cartagena50.comamsa.es\/index.php\/aviso-legal\/#breadcrumb\"},\"inLanguage\":\"es\",\"potentialAction\":[{\"@type\":\"ReadAction\",\"target\":[\"https:\/\/cartagena50.comamsa.es\/index.php\/aviso-legal\/\"]}]},{\"@type\":\"BreadcrumbList\",\"@id\":\"https:\/\/cartagena50.comamsa.es\/index.php\/aviso-legal\/#breadcrumb\",\"itemListElement\":[{\"@type\":\"ListItem\",\"position\":1,\"name\":\"Portada\",\"item\":\"https:\/\/cartagena50.comamsa.es\/\"},{\"@type\":\"ListItem\",\"position\":2,\"name\":\"Aviso legal\"}]}]}<\/script>\n<!-- \/ Yoast SEO plugin. -->","yoast_head_json":{"title":"Aviso legal - Cartagena 50","description":"Gonz\u00e1lez del Valle 9. Promoci\u00f3n de viviendas Passivhaus a la venta, en un edificio conectado, en el centro de Oviedo con la garant\u00eda de Comamsa.","robots":{"index":"index","follow":"follow","max-snippet":"max-snippet:-1","max-image-preview":"max-image-preview:large","max-video-preview":"max-video-preview:-1"},"canonical":"https:\/\/cartagena50.comamsa.es\/index.php\/aviso-legal\/","og_locale":"es_ES","og_type":"article","og_title":"Aviso legal - Cartagena 50","og_description":"Gonz\u00e1lez del Valle 9. Promoci\u00f3n de viviendas Passivhaus a la venta, en un edificio conectado, en el centro de Oviedo con la garant\u00eda de Comamsa.","og_url":"https:\/\/cartagena50.comamsa.es\/index.php\/aviso-legal\/","og_site_name":"Cartagena 50","article_publisher":"https:\/\/www.facebook.com\/comamsaconstruccion","article_modified_time":"2020-07-06T23:36:11+00:00","twitter_card":"summary_large_image","twitter_misc":{"Tiempo de lectura":"5 minutos"},"schema":{"@context":"https:\/\/schema.org","@graph":[{"@type":"Organization","@id":"https:\/\/cartagena50.comamsa.es\/#organization","name":"Comamsa","url":"https:\/\/cartagena50.comamsa.es\/","sameAs":["https:\/\/www.facebook.com\/comamsaconstruccion","https:\/\/www.instagram.com\/comamsa\/"],"logo":{"@type":"ImageObject","@id":"https:\/\/cartagena50.comamsa.es\/#logo","inLanguage":"es","url":"https:\/\/cartagena50.comamsa.es\/wp-content\/uploads\/2020\/06\/logo_comamsa_oficial.png","contentUrl":"https:\/\/cartagena50.comamsa.es\/wp-content\/uploads\/2020\/06\/logo_comamsa_oficial.png","width":561,"height":111,"caption":"Comamsa"},"image":{"@id":"https:\/\/cartagena50.comamsa.es\/#logo"}},{"@type":"WebSite","@id":"https:\/\/cartagena50.comamsa.es\/#website","url":"https:\/\/cartagena50.comamsa.es\/","name":"Cartagena 50","description":"Comamsa","publisher":{"@id":"https:\/\/cartagena50.comamsa.es\/#organization"},"potentialAction":[{"@type":"SearchAction","target":{"@type":"EntryPoint","urlTemplate":"https:\/\/cartagena50.comamsa.es\/?s={search_term_string}"},"query-input":"required name=search_term_string"}],"inLanguage":"es"},{"@type":"WebPage","@id":"https:\/\/cartagena50.comamsa.es\/index.php\/aviso-legal\/#webpage","url":"https:\/\/cartagena50.comamsa.es\/index.php\/aviso-legal\/","name":"Aviso legal - Cartagena 50","isPartOf":{"@id":"https:\/\/cartagena50.comamsa.es\/#website"},"datePublished":"2020-07-06T23:32:17+00:00","dateModified":"2020-07-06T23:36:11+00:00","description":"Gonz\u00e1lez del Valle 9. Promoci\u00f3n de viviendas Passivhaus a la venta, en un edificio conectado, en el centro de Oviedo con la garant\u00eda de Comamsa.","breadcrumb":{"@id":"https:\/\/cartagena50.comamsa.es\/index.php\/aviso-legal\/#breadcrumb"},"inLanguage":"es","potentialAction":[{"@type":"ReadAction","target":["https:\/\/cartagena50.comamsa.es\/index.php\/aviso-legal\/"]}]},{"@type":"BreadcrumbList","@id":"https:\/\/cartagena50.comamsa.es\/index.php\/aviso-legal\/#breadcrumb","itemListElement":[{"@type":"ListItem","position":1,"name":"Portada","item":"https:\/\/cartagena50.comamsa.es\/"},{"@type":"ListItem","position":2,"name":"Aviso legal"}]}]}},"_links":{"self":[{"href":"https:\/\/cartagena50.comamsa.es\/index.php\/wp-json\/wp\/v2\/pages\/1023"}],"collection":[{"href":"https:\/\/cartagena50.comamsa.es\/index.php\/wp-json\/wp\/v2\/pages"}],"about":[{"href":"https:\/\/cartagena50.comamsa.es\/index.php\/wp-json\/wp\/v2\/types\/page"}],"author":[{"embeddable":true,"href":"https:\/\/cartagena50.comamsa.es\/index.php\/wp-json\/wp\/v2\/users\/1"}],"replies":[{"embeddable":true,"href":"https:\/\/cartagena50.comamsa.es\/index.php\/wp-json\/wp\/v2\/comments?post=1023"}],"version-history":[{"count":3,"href":"https:\/\/cartagena50.comamsa.es\/index.php\/wp-json\/wp\/v2\/pages\/1023\/revisions"}],"predecessor-version":[{"id":1029,"href":"https:\/\/cartagena50.comamsa.es\/index.php\/wp-json\/wp\/v2\/pages\/1023\/revisions\/1029"}],"wp:attachment":[{"href":"https:\/\/cartagena50.comamsa.es\/index.php\/wp-json\/wp\/v2\/media?parent=1023"}],"curies":[{"name":"wp","href":"https:\/\/api.w.org\/{rel}","templated":true}]}}