{"id":254,"date":"2020-06-15T12:24:31","date_gmt":"2020-06-15T12:24:31","guid":{"rendered":"http:\/\/gonzalezdelvalle.comamsa.es\/?page_id=254"},"modified":"2022-06-08T11:39:40","modified_gmt":"2022-06-08T11:39:40","slug":"contacto","status":"publish","type":"page","link":"https:\/\/cartagena50.comamsa.es\/index.php\/contacto\/","title":{"rendered":"Contacto"},"content":{"rendered":"[vc_row type=\u00bbin_container\u00bb full_screen_row_position=\u00bbmiddle\u00bb column_margin=\u00bbdefault\u00bb column_direction=\u00bbdefault\u00bb column_direction_tablet=\u00bbdefault\u00bb column_direction_phone=\u00bbdefault\u00bb bg_color=\u00bb#f4f4f4&#8243; full_height=\u00bbyes\u00bb scene_position=\u00bbcenter\u00bb text_color=\u00bbdark\u00bb text_align=\u00bbcenter\u00bb row_border_radius=\u00bbnone\u00bb row_border_radius_applies=\u00bbbg\u00bb overlay_strength=\u00bb0.3&#8243; gradient_direction=\u00bbleft_to_right\u00bb shape_divider_position=\u00bbbottom\u00bb bg_image_animation=\u00bbnone\u00bb shape_type=\u00bb\u00bb][vc_column column_padding=\u00bbpadding-8-percent\u00bb column_padding_tablet=\u00bbinherit\u00bb column_padding_phone=\u00bbinherit\u00bb column_padding_position=\u00bball\u00bb background_color=\u00bb#f2f2f2&#8243; background_color_opacity=\u00bb1&#8243; background_hover_color_opacity=\u00bb1&#8243; column_shadow=\u00bbnone\u00bb column_border_radius=\u00bbnone\u00bb column_link_target=\u00bb_self\u00bb gradient_direction=\u00bbleft_to_right\u00bb overlay_strength=\u00bb0.3&#8243; width=\u00bb1\/1&#8243; tablet_width_inherit=\u00bbdefault\u00bb tablet_text_alignment=\u00bbdefault\u00bb phone_text_alignment=\u00bbdefault\u00bb column_border_width=\u00bbnone\u00bb column_border_style=\u00bbsolid\u00bb bg_image_animation=\u00bbnone\u00bb][vc_row_inner column_margin=\u00bbdefault\u00bb column_direction=\u00bbdefault\u00bb column_direction_tablet=\u00bbdefault\u00bb column_direction_phone=\u00bbdefault\u00bb text_align=\u00bbleft\u00bb][vc_column_inner column_padding=\u00bbno-extra-padding\u00bb column_padding_tablet=\u00bbinherit\u00bb column_padding_phone=\u00bbinherit\u00bb column_padding_position=\u00bball\u00bb background_color_opacity=\u00bb1&#8243; background_hover_color_opacity=\u00bb1&#8243; column_shadow=\u00bbnone\u00bb column_border_radius=\u00bbnone\u00bb column_link_target=\u00bb_self\u00bb gradient_direction=\u00bbleft_to_right\u00bb overlay_strength=\u00bb0.3&#8243; width=\u00bb1\/1&#8243; tablet_width_inherit=\u00bbdefault\u00bb column_border_width=\u00bbnone\u00bb column_border_style=\u00bbsolid\u00bb bg_image_animation=\u00bbnone\u00bb][nectar_highlighted_text color_type=\u00bbregular\u00bb text_color=\u00bb#2d455b\u00bb style=\u00bbfull_text\u00bb]\n<h2>Contacta con nosotros<\/h2>\n[\/nectar_highlighted_text][vc_column_text]\n<h3>915 754 883<\/h3>\n[\/vc_column_text][vc_column_text]Le atenderemos en nuestro horario de oficina<br \/>\nDe lunes a jueves de\u00a0<strong>9.00 a 14:30h <\/strong>y de <strong>16.00 a 19:00h.<\/strong><br \/>\nViernes \u00a0de\u00a0<strong>9.00 a 14:30h.<\/strong>[\/vc_column_text][\/vc_column_inner][\/vc_row_inner][vc_row_inner column_margin=\u00bbdefault\u00bb column_direction=\u00bbdefault\u00bb column_direction_tablet=\u00bbdefault\u00bb column_direction_phone=\u00bbdefault\u00bb bottom_padding=\u00bb5%\u00bb text_align=\u00bbcenter\u00bb][vc_column_inner column_padding=\u00bbno-extra-padding\u00bb column_padding_tablet=\u00bbinherit\u00bb column_padding_phone=\u00bbinherit\u00bb column_padding_position=\u00bball\u00bb centered_text=\u00bbtrue\u00bb background_color_opacity=\u00bb1&#8243; background_hover_color_opacity=\u00bb1&#8243; font_color=\u00bb#ffffff\u00bb column_shadow=\u00bbnone\u00bb column_border_radius=\u00bbnone\u00bb column_link_target=\u00bb_self\u00bb gradient_direction=\u00bbleft_to_right\u00bb overlay_strength=\u00bb0.3&#8243; width=\u00bb1\/1&#8243; tablet_width_inherit=\u00bbdefault\u00bb column_border_width=\u00bbnone\u00bb column_border_style=\u00bbsolid\u00bb bg_image_animation=\u00bbnone\u00bb][nectar_btn size=\u00bblarge\u00bb button_style=\u00bbregular\u00bb button_color_2=\u00bbAccent-Color\u00bb icon_family=\u00bbnone\u00bb button_id=\u00bbllamadme\u00bb text=\u00bbPREFIERO QUE ME LLAMEN\u00bb margin_top=\u00bb10&#8243; margin_bottom=\u00bb10&#8243; margin_left=\u00bb5&#8243; margin_right=\u00bb5&#8243;][\/vc_column_inner][\/vc_row_inner][\/vc_column][\/vc_row][vc_row type=\u00bbfull_width_content\u00bb full_screen_row_position=\u00bbmiddle\u00bb column_margin=\u00bbdefault\u00bb equal_height=\u00bbyes\u00bb column_direction=\u00bbdefault\u00bb column_direction_tablet=\u00bbdefault\u00bb column_direction_phone=\u00bbdefault\u00bb bg_color=\u00bb#141414&#8243; scene_position=\u00bbcenter\u00bb text_color=\u00bblight\u00bb text_align=\u00bbleft\u00bb row_border_radius=\u00bbnone\u00bb row_border_radius_applies=\u00bbbg\u00bb overlay_strength=\u00bb0.3&#8243; gradient_direction=\u00bbleft_to_right\u00bb shape_divider_position=\u00bbbottom\u00bb bg_image_animation=\u00bbnone\u00bb][vc_column column_padding=\u00bbno-extra-padding\u00bb column_padding_tablet=\u00bbinherit\u00bb column_padding_phone=\u00bbinherit\u00bb column_padding_position=\u00bball\u00bb background_color_opacity=\u00bb1&#8243; background_hover_color_opacity=\u00bb1&#8243; column_shadow=\u00bbnone\u00bb column_border_radius=\u00bbnone\u00bb column_link_target=\u00bb_self\u00bb gradient_direction=\u00bbleft_to_right\u00bb overlay_strength=\u00bb0.3&#8243; width=\u00bb1\/2&#8243; tablet_width_inherit=\u00bbdefault\u00bb tablet_text_alignment=\u00bbdefault\u00bb phone_text_alignment=\u00bbdefault\u00bb column_border_width=\u00bbnone\u00bb column_border_style=\u00bbsolid\u00bb bg_image_animation=\u00bbnone\u00bb enable_animation=\u00bbtrue\u00bb animation=\u00bbgrow-in\u00bb delay=\u00bb200&#8243;][nectar_gmap map_type=\u00bbleaflet\u00bb zoom=\u00bb6&#8243; marker_style=\u00bbnectar\u00bb color=\u00bbaccent-color\u00bb leaflet_map_greyscale=\u00bb1&#8243; map_center_lat=\u00bb41.422867&#8243; map_center_lng=\u00bb-4.855622&#8243; map_markers=\u00bb43.362387|-5.855622|Oviedo<br \/>\n40.422867|-3.684392| Madrid\u00bb size=\u00bb800&#8243;][\/vc_column][vc_column column_padding=\u00bbpadding-8-percent\u00bb column_padding_tablet=\u00bbinherit\u00bb column_padding_phone=\u00bbinherit\u00bb column_padding_position=\u00bball\u00bb background_color=\u00bb#2d455b\u00bb background_color_opacity=\u00bb0.9&#8243; background_hover_color_opacity=\u00bb1&#8243; background_image=\u00bb123&#8243; background_image_position=\u00bbcenter center\u00bb enable_bg_scale=\u00bbtrue\u00bb column_shadow=\u00bbnone\u00bb column_border_radius=\u00bbnone\u00bb column_link_target=\u00bb_self\u00bb gradient_direction=\u00bbleft_to_right\u00bb overlay_strength=\u00bb0.3&#8243; width=\u00bb1\/2&#8243; tablet_width_inherit=\u00bbdefault\u00bb tablet_text_alignment=\u00bbdefault\u00bb phone_text_alignment=\u00bbdefault\u00bb column_border_width=\u00bbnone\u00bb column_border_style=\u00bbsolid\u00bb bg_image_animation=\u00bbnone\u00bb enable_animation=\u00bbtrue\u00bb animation=\u00bbgrow-in\u00bb delay=\u00bb300&#8243;][vc_column_text]\n<h2>Oficinas<\/h2>\n[\/vc_column_text][vc_column_text css_animation=\u00bbnone\u00bb]\n<h5><\/h5>\n<h5>Madrid<\/h5>\n<div class=\"vc_row wpb_row vc_inner vc_row-fluid\">\n<div class=\"wpb_column vc_column_container vc_col-sm-8 vc_hidden-sm vc_hidden-xs\">\n<div class=\"vc_column-inner\">\n<div class=\"wpb_wrapper\">\n<div class=\"wpb_text_column wpb_content_element vc_custom_1530005972368\">\n<div class=\"wpb_wrapper\">\n<p>Velazquez, 17, 1\u00ba 28001 Madrid<\/p>\n<p><strong>t.<\/strong> +34 915 754 883<br \/>\n<strong>f.<\/strong> +34 915 782 765<\/p>\n<p>&nbsp;<\/p>\n<\/div>\n<\/div>\n<\/div>\n<\/div>\n<\/div>\n<div class=\"wpb_column vc_column_container vc_col-sm-2\">\n<div class=\"vc_column-inner\">\n<div class=\"wpb_wrapper\"><\/div>\n<\/div>\n<\/div>\n<\/div>\n<div class=\"vc_row wpb_row vc_inner vc_row-fluid\"><\/div>\n[\/vc_column_text][vc_column_text css_animation=\u00bbnone\u00bb]\n<h5><\/h5>\n<h5>Oviedo<\/h5>\n<div class=\"vc_row wpb_row vc_inner vc_row-fluid\">\n<div class=\"wpb_column vc_column_container vc_col-sm-8 vc_hidden-sm vc_hidden-xs\">\n<div class=\"vc_column-inner\">\n<div class=\"wpb_wrapper\">\n<div class=\"wpb_text_column wpb_content_element vc_custom_1530005972368\">\n<div class=\"wpb_wrapper\">\n<p>Cervantes 11, 1\u00ba 33004 Oviedo<\/p>\n<p><strong>t.<\/strong> +34 985 963 232<br \/>\n<strong>f.<\/strong> +34 985 251 056<\/p>\n<\/div>\n<\/div>\n<\/div>\n<\/div>\n<\/div>\n<\/div>\n<div class=\"vc_row wpb_row vc_inner vc_row-fluid\"><\/div>\n[\/vc_column_text][\/vc_column][\/vc_row]\n","protected":false},"excerpt":{"rendered":"<p>[vc_row type=\u00bbin_container\u00bb full_screen_row_position=\u00bbmiddle\u00bb column_margin=\u00bbdefault\u00bb column_direction=\u00bbdefault\u00bb column_direction_tablet=\u00bbdefault\u00bb column_direction_phone=\u00bbdefault\u00bb bg_color=\u00bb#f4f4f4&#8243; full_height=\u00bbyes\u00bb scene_position=\u00bbcenter\u00bb text_color=\u00bbdark\u00bb text_align=\u00bbcenter\u00bb row_border_radius=\u00bbnone\u00bb row_border_radius_applies=\u00bbbg\u00bb overlay_strength=\u00bb0.3&#8243; gradient_direction=\u00bbleft_to_right\u00bb shape_divider_position=\u00bbbottom\u00bb bg_image_animation=\u00bbnone\u00bb shape_type=\u00bb\u00bb][vc_column column_padding=\u00bbpadding-8-percent\u00bb column_padding_tablet=\u00bbinherit\u00bb column_padding_phone=\u00bbinherit\u00bb column_padding_position=\u00bball\u00bb background_color=\u00bb#f2f2f2&#8243; background_color_opacity=\u00bb1&#8243; background_hover_color_opacity=\u00bb1&#8243; column_shadow=\u00bbnone\u00bb column_border_radius=\u00bbnone\u00bb column_link_target=\u00bb_self\u00bb gradient_direction=\u00bbleft_to_right\u00bb&#8230;<\/p>\n","protected":false},"author":1,"featured_media":0,"parent":0,"menu_order":0,"comment_status":"closed","ping_status":"closed","template":"","meta":[],"yoast_head":"<!-- This site is optimized with the Yoast SEO plugin v18.2 - https:\/\/yoast.com\/wordpress\/plugins\/seo\/ -->\n<title>Contacto - Cartagena 50<\/title>\n<meta name=\"description\" content=\"Gonz\u00e1lez del Valle 9. Promoci\u00f3n de viviendas Passivhaus a la venta, en un edificio conectado, en el centro de Oviedo con la garant\u00eda de Comamsa.\" \/>\n<meta name=\"robots\" content=\"index, follow, max-snippet:-1, max-image-preview:large, max-video-preview:-1\" \/>\n<link rel=\"canonical\" href=\"https:\/\/cartagena50.comamsa.es\/index.php\/contacto\/\" \/>\n<meta property=\"og:locale\" content=\"es_ES\" \/>\n<meta property=\"og:type\" content=\"article\" \/>\n<meta property=\"og:title\" content=\"Contacto - Cartagena 50\" \/>\n<meta property=\"og:description\" content=\"Gonz\u00e1lez del Valle 9. Promoci\u00f3n de viviendas Passivhaus a la venta, en un edificio conectado, en el centro de Oviedo con la garant\u00eda de Comamsa.\" \/>\n<meta property=\"og:url\" content=\"https:\/\/cartagena50.comamsa.es\/index.php\/contacto\/\" \/>\n<meta property=\"og:site_name\" content=\"Cartagena 50\" \/>\n<meta property=\"article:publisher\" content=\"https:\/\/www.facebook.com\/comamsaconstruccion\" \/>\n<meta property=\"article:modified_time\" content=\"2022-06-08T11:39:40+00:00\" \/>\n<meta name=\"twitter:card\" content=\"summary_large_image\" \/>\n<meta name=\"twitter:label1\" content=\"Tiempo de lectura\" \/>\n\t<meta name=\"twitter:data1\" content=\"2 minutos\" \/>\n<script type=\"application\/ld+json\" class=\"yoast-schema-graph\">{\"@context\":\"https:\/\/schema.org\",\"@graph\":[{\"@type\":\"Organization\",\"@id\":\"https:\/\/cartagena50.comamsa.es\/#organization\",\"name\":\"Comamsa\",\"url\":\"https:\/\/cartagena50.comamsa.es\/\",\"sameAs\":[\"https:\/\/www.facebook.com\/comamsaconstruccion\",\"https:\/\/www.instagram.com\/comamsa\/\"],\"logo\":{\"@type\":\"ImageObject\",\"@id\":\"https:\/\/cartagena50.comamsa.es\/#logo\",\"inLanguage\":\"es\",\"url\":\"https:\/\/cartagena50.comamsa.es\/wp-content\/uploads\/2020\/06\/logo_comamsa_oficial.png\",\"contentUrl\":\"https:\/\/cartagena50.comamsa.es\/wp-content\/uploads\/2020\/06\/logo_comamsa_oficial.png\",\"width\":561,\"height\":111,\"caption\":\"Comamsa\"},\"image\":{\"@id\":\"https:\/\/cartagena50.comamsa.es\/#logo\"}},{\"@type\":\"WebSite\",\"@id\":\"https:\/\/cartagena50.comamsa.es\/#website\",\"url\":\"https:\/\/cartagena50.comamsa.es\/\",\"name\":\"Cartagena 50\",\"description\":\"Comamsa\",\"publisher\":{\"@id\":\"https:\/\/cartagena50.comamsa.es\/#organization\"},\"potentialAction\":[{\"@type\":\"SearchAction\",\"target\":{\"@type\":\"EntryPoint\",\"urlTemplate\":\"https:\/\/cartagena50.comamsa.es\/?s={search_term_string}\"},\"query-input\":\"required name=search_term_string\"}],\"inLanguage\":\"es\"},{\"@type\":\"WebPage\",\"@id\":\"https:\/\/cartagena50.comamsa.es\/index.php\/contacto\/#webpage\",\"url\":\"https:\/\/cartagena50.comamsa.es\/index.php\/contacto\/\",\"name\":\"Contacto - Cartagena 50\",\"isPartOf\":{\"@id\":\"https:\/\/cartagena50.comamsa.es\/#website\"},\"datePublished\":\"2020-06-15T12:24:31+00:00\",\"dateModified\":\"2022-06-08T11:39:40+00:00\",\"description\":\"Gonz\u00e1lez del Valle 9. Promoci\u00f3n de viviendas Passivhaus a la venta, en un edificio conectado, en el centro de Oviedo con la garant\u00eda de Comamsa.\",\"breadcrumb\":{\"@id\":\"https:\/\/cartagena50.comamsa.es\/index.php\/contacto\/#breadcrumb\"},\"inLanguage\":\"es\",\"potentialAction\":[{\"@type\":\"ReadAction\",\"target\":[\"https:\/\/cartagena50.comamsa.es\/index.php\/contacto\/\"]}]},{\"@type\":\"BreadcrumbList\",\"@id\":\"https:\/\/cartagena50.comamsa.es\/index.php\/contacto\/#breadcrumb\",\"itemListElement\":[{\"@type\":\"ListItem\",\"position\":1,\"name\":\"Portada\",\"item\":\"https:\/\/cartagena50.comamsa.es\/\"},{\"@type\":\"ListItem\",\"position\":2,\"name\":\"Contacto\"}]}]}<\/script>\n<!-- \/ Yoast SEO plugin. -->","yoast_head_json":{"title":"Contacto - Cartagena 50","description":"Gonz\u00e1lez del Valle 9. Promoci\u00f3n de viviendas Passivhaus a la venta, en un edificio conectado, en el centro de Oviedo con la garant\u00eda de Comamsa.","robots":{"index":"index","follow":"follow","max-snippet":"max-snippet:-1","max-image-preview":"max-image-preview:large","max-video-preview":"max-video-preview:-1"},"canonical":"https:\/\/cartagena50.comamsa.es\/index.php\/contacto\/","og_locale":"es_ES","og_type":"article","og_title":"Contacto - Cartagena 50","og_description":"Gonz\u00e1lez del Valle 9. Promoci\u00f3n de viviendas Passivhaus a la venta, en un edificio conectado, en el centro de Oviedo con la garant\u00eda de Comamsa.","og_url":"https:\/\/cartagena50.comamsa.es\/index.php\/contacto\/","og_site_name":"Cartagena 50","article_publisher":"https:\/\/www.facebook.com\/comamsaconstruccion","article_modified_time":"2022-06-08T11:39:40+00:00","twitter_card":"summary_large_image","twitter_misc":{"Tiempo de lectura":"2 minutos"},"schema":{"@context":"https:\/\/schema.org","@graph":[{"@type":"Organization","@id":"https:\/\/cartagena50.comamsa.es\/#organization","name":"Comamsa","url":"https:\/\/cartagena50.comamsa.es\/","sameAs":["https:\/\/www.facebook.com\/comamsaconstruccion","https:\/\/www.instagram.com\/comamsa\/"],"logo":{"@type":"ImageObject","@id":"https:\/\/cartagena50.comamsa.es\/#logo","inLanguage":"es","url":"https:\/\/cartagena50.comamsa.es\/wp-content\/uploads\/2020\/06\/logo_comamsa_oficial.png","contentUrl":"https:\/\/cartagena50.comamsa.es\/wp-content\/uploads\/2020\/06\/logo_comamsa_oficial.png","width":561,"height":111,"caption":"Comamsa"},"image":{"@id":"https:\/\/cartagena50.comamsa.es\/#logo"}},{"@type":"WebSite","@id":"https:\/\/cartagena50.comamsa.es\/#website","url":"https:\/\/cartagena50.comamsa.es\/","name":"Cartagena 50","description":"Comamsa","publisher":{"@id":"https:\/\/cartagena50.comamsa.es\/#organization"},"potentialAction":[{"@type":"SearchAction","target":{"@type":"EntryPoint","urlTemplate":"https:\/\/cartagena50.comamsa.es\/?s={search_term_string}"},"query-input":"required name=search_term_string"}],"inLanguage":"es"},{"@type":"WebPage","@id":"https:\/\/cartagena50.comamsa.es\/index.php\/contacto\/#webpage","url":"https:\/\/cartagena50.comamsa.es\/index.php\/contacto\/","name":"Contacto - Cartagena 50","isPartOf":{"@id":"https:\/\/cartagena50.comamsa.es\/#website"},"datePublished":"2020-06-15T12:24:31+00:00","dateModified":"2022-06-08T11:39:40+00:00","description":"Gonz\u00e1lez del Valle 9. Promoci\u00f3n de viviendas Passivhaus a la venta, en un edificio conectado, en el centro de Oviedo con la garant\u00eda de Comamsa.","breadcrumb":{"@id":"https:\/\/cartagena50.comamsa.es\/index.php\/contacto\/#breadcrumb"},"inLanguage":"es","potentialAction":[{"@type":"ReadAction","target":["https:\/\/cartagena50.comamsa.es\/index.php\/contacto\/"]}]},{"@type":"BreadcrumbList","@id":"https:\/\/cartagena50.comamsa.es\/index.php\/contacto\/#breadcrumb","itemListElement":[{"@type":"ListItem","position":1,"name":"Portada","item":"https:\/\/cartagena50.comamsa.es\/"},{"@type":"ListItem","position":2,"name":"Contacto"}]}]}},"_links":{"self":[{"href":"https:\/\/cartagena50.comamsa.es\/index.php\/wp-json\/wp\/v2\/pages\/254"}],"collection":[{"href":"https:\/\/cartagena50.comamsa.es\/index.php\/wp-json\/wp\/v2\/pages"}],"about":[{"href":"https:\/\/cartagena50.comamsa.es\/index.php\/wp-json\/wp\/v2\/types\/page"}],"author":[{"embeddable":true,"href":"https:\/\/cartagena50.comamsa.es\/index.php\/wp-json\/wp\/v2\/users\/1"}],"replies":[{"embeddable":true,"href":"https:\/\/cartagena50.comamsa.es\/index.php\/wp-json\/wp\/v2\/comments?post=254"}],"version-history":[{"count":59,"href":"https:\/\/cartagena50.comamsa.es\/index.php\/wp-json\/wp\/v2\/pages\/254\/revisions"}],"predecessor-version":[{"id":1462,"href":"https:\/\/cartagena50.comamsa.es\/index.php\/wp-json\/wp\/v2\/pages\/254\/revisions\/1462"}],"wp:attachment":[{"href":"https:\/\/cartagena50.comamsa.es\/index.php\/wp-json\/wp\/v2\/media?parent=254"}],"curies":[{"name":"wp","href":"https:\/\/api.w.org\/{rel}","templated":true}]}}