{"id":3,"date":"2020-06-10T13:59:27","date_gmt":"2020-06-10T13:59:27","guid":{"rendered":"http:\/\/gonzalezdelvalle.comamsa.es\/?page_id=3"},"modified":"2020-07-06T23:37:53","modified_gmt":"2020-07-06T23:37:53","slug":"politica-privacidad","status":"publish","type":"page","link":"https:\/\/cartagena50.comamsa.es\/index.php\/politica-privacidad\/","title":{"rendered":"Pol\u00edtica de privacidad"},"content":{"rendered":"[vc_row type=\u00bbin_container\u00bb full_screen_row_position=\u00bbmiddle\u00bb column_margin=\u00bbdefault\u00bb column_direction=\u00bbdefault\u00bb column_direction_tablet=\u00bbdefault\u00bb column_direction_phone=\u00bbdefault\u00bb scene_position=\u00bbcenter\u00bb text_color=\u00bbdark\u00bb text_align=\u00bbleft\u00bb row_border_radius=\u00bbnone\u00bb row_border_radius_applies=\u00bbbg\u00bb overlay_strength=\u00bb0.3&#8243; gradient_direction=\u00bbleft_to_right\u00bb shape_divider_position=\u00bbbottom\u00bb bg_image_animation=\u00bbnone\u00bb][vc_column column_padding=\u00bbpadding-8-percent\u00bb column_padding_tablet=\u00bbinherit\u00bb column_padding_phone=\u00bbinherit\u00bb column_padding_position=\u00bball\u00bb background_color=\u00bb#f2f2f2&#8243; background_color_opacity=\u00bb1&#8243; background_hover_color_opacity=\u00bb1&#8243; column_shadow=\u00bbnone\u00bb column_border_radius=\u00bbnone\u00bb column_link_target=\u00bb_self\u00bb gradient_direction=\u00bbleft_to_right\u00bb overlay_strength=\u00bb0.3&#8243; width=\u00bb1\/1&#8243; tablet_width_inherit=\u00bbdefault\u00bb tablet_text_alignment=\u00bbdefault\u00bb phone_text_alignment=\u00bbdefault\u00bb column_border_width=\u00bbnone\u00bb column_border_style=\u00bbsolid\u00bb bg_image_animation=\u00bbnone\u00bb][vc_row_inner column_margin=\u00bbdefault\u00bb column_direction=\u00bbdefault\u00bb column_direction_tablet=\u00bbdefault\u00bb column_direction_phone=\u00bbdefault\u00bb text_align=\u00bbleft\u00bb][vc_column_inner column_padding=\u00bbno-extra-padding\u00bb column_padding_tablet=\u00bbinherit\u00bb column_padding_phone=\u00bbinherit\u00bb column_padding_position=\u00bball\u00bb background_color_opacity=\u00bb1&#8243; background_hover_color_opacity=\u00bb1&#8243; column_shadow=\u00bbnone\u00bb column_border_radius=\u00bbnone\u00bb column_link_target=\u00bb_self\u00bb gradient_direction=\u00bbleft_to_right\u00bb overlay_strength=\u00bb0.3&#8243; width=\u00bb1\/1&#8243; tablet_width_inherit=\u00bbdefault\u00bb column_border_width=\u00bbnone\u00bb column_border_style=\u00bbsolid\u00bb bg_image_animation=\u00bbnone\u00bb][vc_column_text]\r\n<h3>Politica de privacidad<\/h3>\r\n<p>&nbsp;<\/p>\r\n<h4><strong>\u00bfQui\u00e9n es el Responsable?<\/strong><\/h4>\r\n<p>COMAMSA, S.A. A33092149<br \/>Calle Cervantes 11-1\u00ba,<br \/>33004 Oviedo.<br \/>t. 985 963232<br \/>e. info@comamsa.es<\/p>\r\n<p>&nbsp;<\/p>\r\n<h4><strong>\u00bfCon qu\u00e9 finalidad tratamos sus datos personales?<\/strong><\/h4>\r\n<p>Sus datos personales y todos aquellos que derivan de las relaciones que usted mantenga con nuestra organizaci\u00f3n, se tratar\u00e1n con el fin de<span class=\"Apple-converted-space\">\u00a0 <\/span>facilitar la contrataci\u00f3n y gesti\u00f3n de los productos y servicios ofertados y enviarle comunicaciones relacionadas con la actividad de la empresa.<\/p>\r\n<p>&nbsp;<\/p>\r\n<h4><strong>\u00bfPor cu\u00e1nto tiempo conservaremos sus datos?<\/strong><\/h4>\r\n<p>Los datos ser\u00e1n conservados y almacenados 15 a\u00f1os \u2013o mientras dure la relaci\u00f3n contractual y comercial-o durante los a\u00f1os necesarios para cumplir con las obligaciones legales- desde el \u00faltimo servicio contratado con nuestra organizaci\u00f3n, a partir de los cuales ser\u00e1n destruidos y eliminados por los cauces legales correspondientes<\/p>\r\n<p>&nbsp;<\/p>\r\n<h4><strong>\u00bfCu\u00e1l es la legitimaci\u00f3n para el tratamiento de sus datos?<\/strong><\/h4>\r\n<p>La base legal para el tratamiento de sus datos es la ejecuci\u00f3n del contrato de productos y servicios ofertados por esta empresa. Los datos facilitados son \u00fanicamente los obligatorios y necesarios para poder llevar a cabo los servicios ofertados, por lo que en caso de no facilitar los mismos no podemos garantizarle la correcta provisi\u00f3n del servicio.<\/p>\r\n<p>&nbsp;<\/p>\r\n<h4><strong>\u00bfA qu\u00e9 destinatarios se comunicar\u00e1n sus datos?<\/strong><\/h4>\r\n<p>No se ceder\u00e1n datos a terceros salvo obligaci\u00f3n legal o contractual. No se prev\u00e9n transferencias internacionales de dichos datos fuera de la UE.<\/p>\r\n<p>&nbsp;<\/p>\r\n<h4><strong>\u00bfCu\u00e1les son sus derechos cuando nos facilita sus datos?<\/strong><\/h4>\r\n<p>Podr\u00e1 ejercer sus derechos de acceso, rectificaci\u00f3n, supresi\u00f3n y portabilidad de sus datos y la limitaci\u00f3n u oposici\u00f3n a su tratamiento, as\u00ed como a retirar el consentimiento prestado mediante comunicaci\u00f3n escrita a protecciondatos@comamsa.es, en dichos casos COMAMSA,S.A. (Construcciones y Promociones) dejar\u00e1 de tratar los datos salvo por motivos leg\u00edtimos imperiosos o el ejercicio o la defensa de posibles reclamaciones. Tambi\u00e9n podr\u00e1 ejercer el derecho a reclamar ante la Autoridad de Control dirigi\u00e9ndose a la Agencia Espa\u00f1ola de Protecci\u00f3n de Datos a trav\u00e9s de su web.<\/p>\r\n<p>&nbsp;<\/p>\r\n<h4><strong>\u00bfC\u00f3mo hemos obtenido sus datos?<\/strong><\/h4>\r\n<p>El origen de estos datos son los que usted como interesado nos haya facilitado a trav\u00e9s de comamsa.es<\/p>\r\n[\/vc_column_text][\/vc_column_inner][\/vc_row_inner][\/vc_column][\/vc_row]","protected":false},"excerpt":{"rendered":"<p>[vc_row type=\u00bbin_container\u00bb full_screen_row_position=\u00bbmiddle\u00bb column_margin=\u00bbdefault\u00bb column_direction=\u00bbdefault\u00bb column_direction_tablet=\u00bbdefault\u00bb column_direction_phone=\u00bbdefault\u00bb scene_position=\u00bbcenter\u00bb text_color=\u00bbdark\u00bb text_align=\u00bbleft\u00bb row_border_radius=\u00bbnone\u00bb row_border_radius_applies=\u00bbbg\u00bb overlay_strength=\u00bb0.3&#8243; gradient_direction=\u00bbleft_to_right\u00bb shape_divider_position=\u00bbbottom\u00bb bg_image_animation=\u00bbnone\u00bb][vc_column column_padding=\u00bbpadding-8-percent\u00bb column_padding_tablet=\u00bbinherit\u00bb column_padding_phone=\u00bbinherit\u00bb column_padding_position=\u00bball\u00bb background_color=\u00bb#f2f2f2&#8243; background_color_opacity=\u00bb1&#8243; background_hover_color_opacity=\u00bb1&#8243; column_shadow=\u00bbnone\u00bb column_border_radius=\u00bbnone\u00bb column_link_target=\u00bb_self\u00bb gradient_direction=\u00bbleft_to_right\u00bb overlay_strength=\u00bb0.3&#8243; width=\u00bb1\/1&#8243; tablet_width_inherit=\u00bbdefault\u00bb&#8230;<\/p>\n","protected":false},"author":1,"featured_media":0,"parent":0,"menu_order":0,"comment_status":"closed","ping_status":"open","template":"","meta":[],"yoast_head":"<!-- This site is optimized with the Yoast SEO plugin v18.2 - https:\/\/yoast.com\/wordpress\/plugins\/seo\/ -->\n<title>Pol\u00edtica de privacidad - Cartagena 50<\/title>\n<meta name=\"description\" content=\"Gonz\u00e1lez del Valle 9. Promoci\u00f3n de viviendas Passivhaus a la venta, en un edificio conectado, en el centro de Oviedo con la garant\u00eda de Comamsa.\" \/>\n<meta name=\"robots\" content=\"index, follow, max-snippet:-1, max-image-preview:large, max-video-preview:-1\" \/>\n<link rel=\"canonical\" href=\"https:\/\/cartagena50.comamsa.es\/index.php\/politica-privacidad\/\" \/>\n<meta property=\"og:locale\" content=\"es_ES\" \/>\n<meta property=\"og:type\" content=\"article\" \/>\n<meta property=\"og:title\" content=\"Pol\u00edtica de privacidad - Cartagena 50\" \/>\n<meta property=\"og:description\" content=\"Gonz\u00e1lez del Valle 9. Promoci\u00f3n de viviendas Passivhaus a la venta, en un edificio conectado, en el centro de Oviedo con la garant\u00eda de Comamsa.\" \/>\n<meta property=\"og:url\" content=\"https:\/\/cartagena50.comamsa.es\/index.php\/politica-privacidad\/\" \/>\n<meta property=\"og:site_name\" content=\"Cartagena 50\" \/>\n<meta property=\"article:publisher\" content=\"https:\/\/www.facebook.com\/comamsaconstruccion\" \/>\n<meta property=\"article:modified_time\" content=\"2020-07-06T23:37:53+00:00\" \/>\n<meta name=\"twitter:card\" content=\"summary_large_image\" \/>\n<meta name=\"twitter:label1\" content=\"Tiempo de lectura\" \/>\n\t<meta name=\"twitter:data1\" content=\"3 minutos\" \/>\n<script type=\"application\/ld+json\" class=\"yoast-schema-graph\">{\"@context\":\"https:\/\/schema.org\",\"@graph\":[{\"@type\":\"Organization\",\"@id\":\"https:\/\/cartagena50.comamsa.es\/#organization\",\"name\":\"Comamsa\",\"url\":\"https:\/\/cartagena50.comamsa.es\/\",\"sameAs\":[\"https:\/\/www.facebook.com\/comamsaconstruccion\",\"https:\/\/www.instagram.com\/comamsa\/\"],\"logo\":{\"@type\":\"ImageObject\",\"@id\":\"https:\/\/cartagena50.comamsa.es\/#logo\",\"inLanguage\":\"es\",\"url\":\"https:\/\/cartagena50.comamsa.es\/wp-content\/uploads\/2020\/06\/logo_comamsa_oficial.png\",\"contentUrl\":\"https:\/\/cartagena50.comamsa.es\/wp-content\/uploads\/2020\/06\/logo_comamsa_oficial.png\",\"width\":561,\"height\":111,\"caption\":\"Comamsa\"},\"image\":{\"@id\":\"https:\/\/cartagena50.comamsa.es\/#logo\"}},{\"@type\":\"WebSite\",\"@id\":\"https:\/\/cartagena50.comamsa.es\/#website\",\"url\":\"https:\/\/cartagena50.comamsa.es\/\",\"name\":\"Cartagena 50\",\"description\":\"Comamsa\",\"publisher\":{\"@id\":\"https:\/\/cartagena50.comamsa.es\/#organization\"},\"potentialAction\":[{\"@type\":\"SearchAction\",\"target\":{\"@type\":\"EntryPoint\",\"urlTemplate\":\"https:\/\/cartagena50.comamsa.es\/?s={search_term_string}\"},\"query-input\":\"required name=search_term_string\"}],\"inLanguage\":\"es\"},{\"@type\":\"WebPage\",\"@id\":\"https:\/\/cartagena50.comamsa.es\/index.php\/politica-privacidad\/#webpage\",\"url\":\"https:\/\/cartagena50.comamsa.es\/index.php\/politica-privacidad\/\",\"name\":\"Pol\u00edtica de privacidad - Cartagena 50\",\"isPartOf\":{\"@id\":\"https:\/\/cartagena50.comamsa.es\/#website\"},\"datePublished\":\"2020-06-10T13:59:27+00:00\",\"dateModified\":\"2020-07-06T23:37:53+00:00\",\"description\":\"Gonz\u00e1lez del Valle 9. Promoci\u00f3n de viviendas Passivhaus a la venta, en un edificio conectado, en el centro de Oviedo con la garant\u00eda de Comamsa.\",\"breadcrumb\":{\"@id\":\"https:\/\/cartagena50.comamsa.es\/index.php\/politica-privacidad\/#breadcrumb\"},\"inLanguage\":\"es\",\"potentialAction\":[{\"@type\":\"ReadAction\",\"target\":[\"https:\/\/cartagena50.comamsa.es\/index.php\/politica-privacidad\/\"]}]},{\"@type\":\"BreadcrumbList\",\"@id\":\"https:\/\/cartagena50.comamsa.es\/index.php\/politica-privacidad\/#breadcrumb\",\"itemListElement\":[{\"@type\":\"ListItem\",\"position\":1,\"name\":\"Portada\",\"item\":\"https:\/\/cartagena50.comamsa.es\/\"},{\"@type\":\"ListItem\",\"position\":2,\"name\":\"Pol\u00edtica de privacidad\"}]}]}<\/script>\n<!-- \/ Yoast SEO plugin. -->","yoast_head_json":{"title":"Pol\u00edtica de privacidad - Cartagena 50","description":"Gonz\u00e1lez del Valle 9. Promoci\u00f3n de viviendas Passivhaus a la venta, en un edificio conectado, en el centro de Oviedo con la garant\u00eda de Comamsa.","robots":{"index":"index","follow":"follow","max-snippet":"max-snippet:-1","max-image-preview":"max-image-preview:large","max-video-preview":"max-video-preview:-1"},"canonical":"https:\/\/cartagena50.comamsa.es\/index.php\/politica-privacidad\/","og_locale":"es_ES","og_type":"article","og_title":"Pol\u00edtica de privacidad - Cartagena 50","og_description":"Gonz\u00e1lez del Valle 9. Promoci\u00f3n de viviendas Passivhaus a la venta, en un edificio conectado, en el centro de Oviedo con la garant\u00eda de Comamsa.","og_url":"https:\/\/cartagena50.comamsa.es\/index.php\/politica-privacidad\/","og_site_name":"Cartagena 50","article_publisher":"https:\/\/www.facebook.com\/comamsaconstruccion","article_modified_time":"2020-07-06T23:37:53+00:00","twitter_card":"summary_large_image","twitter_misc":{"Tiempo de lectura":"3 minutos"},"schema":{"@context":"https:\/\/schema.org","@graph":[{"@type":"Organization","@id":"https:\/\/cartagena50.comamsa.es\/#organization","name":"Comamsa","url":"https:\/\/cartagena50.comamsa.es\/","sameAs":["https:\/\/www.facebook.com\/comamsaconstruccion","https:\/\/www.instagram.com\/comamsa\/"],"logo":{"@type":"ImageObject","@id":"https:\/\/cartagena50.comamsa.es\/#logo","inLanguage":"es","url":"https:\/\/cartagena50.comamsa.es\/wp-content\/uploads\/2020\/06\/logo_comamsa_oficial.png","contentUrl":"https:\/\/cartagena50.comamsa.es\/wp-content\/uploads\/2020\/06\/logo_comamsa_oficial.png","width":561,"height":111,"caption":"Comamsa"},"image":{"@id":"https:\/\/cartagena50.comamsa.es\/#logo"}},{"@type":"WebSite","@id":"https:\/\/cartagena50.comamsa.es\/#website","url":"https:\/\/cartagena50.comamsa.es\/","name":"Cartagena 50","description":"Comamsa","publisher":{"@id":"https:\/\/cartagena50.comamsa.es\/#organization"},"potentialAction":[{"@type":"SearchAction","target":{"@type":"EntryPoint","urlTemplate":"https:\/\/cartagena50.comamsa.es\/?s={search_term_string}"},"query-input":"required name=search_term_string"}],"inLanguage":"es"},{"@type":"WebPage","@id":"https:\/\/cartagena50.comamsa.es\/index.php\/politica-privacidad\/#webpage","url":"https:\/\/cartagena50.comamsa.es\/index.php\/politica-privacidad\/","name":"Pol\u00edtica de privacidad - Cartagena 50","isPartOf":{"@id":"https:\/\/cartagena50.comamsa.es\/#website"},"datePublished":"2020-06-10T13:59:27+00:00","dateModified":"2020-07-06T23:37:53+00:00","description":"Gonz\u00e1lez del Valle 9. Promoci\u00f3n de viviendas Passivhaus a la venta, en un edificio conectado, en el centro de Oviedo con la garant\u00eda de Comamsa.","breadcrumb":{"@id":"https:\/\/cartagena50.comamsa.es\/index.php\/politica-privacidad\/#breadcrumb"},"inLanguage":"es","potentialAction":[{"@type":"ReadAction","target":["https:\/\/cartagena50.comamsa.es\/index.php\/politica-privacidad\/"]}]},{"@type":"BreadcrumbList","@id":"https:\/\/cartagena50.comamsa.es\/index.php\/politica-privacidad\/#breadcrumb","itemListElement":[{"@type":"ListItem","position":1,"name":"Portada","item":"https:\/\/cartagena50.comamsa.es\/"},{"@type":"ListItem","position":2,"name":"Pol\u00edtica de privacidad"}]}]}},"_links":{"self":[{"href":"https:\/\/cartagena50.comamsa.es\/index.php\/wp-json\/wp\/v2\/pages\/3"}],"collection":[{"href":"https:\/\/cartagena50.comamsa.es\/index.php\/wp-json\/wp\/v2\/pages"}],"about":[{"href":"https:\/\/cartagena50.comamsa.es\/index.php\/wp-json\/wp\/v2\/types\/page"}],"author":[{"embeddable":true,"href":"https:\/\/cartagena50.comamsa.es\/index.php\/wp-json\/wp\/v2\/users\/1"}],"replies":[{"embeddable":true,"href":"https:\/\/cartagena50.comamsa.es\/index.php\/wp-json\/wp\/v2\/comments?post=3"}],"version-history":[{"count":4,"href":"https:\/\/cartagena50.comamsa.es\/index.php\/wp-json\/wp\/v2\/pages\/3\/revisions"}],"predecessor-version":[{"id":1030,"href":"https:\/\/cartagena50.comamsa.es\/index.php\/wp-json\/wp\/v2\/pages\/3\/revisions\/1030"}],"wp:attachment":[{"href":"https:\/\/cartagena50.comamsa.es\/index.php\/wp-json\/wp\/v2\/media?parent=3"}],"curies":[{"name":"wp","href":"https:\/\/api.w.org\/{rel}","templated":true}]}}