{"id":666,"date":"2020-06-21T18:13:56","date_gmt":"2020-06-21T18:13:56","guid":{"rendered":"http:\/\/gonzalezdelvalle.comamsa.es\/?page_id=666"},"modified":"2022-04-22T09:03:44","modified_gmt":"2022-04-22T09:03:44","slug":"calidades","status":"publish","type":"page","link":"https:\/\/cartagena50.comamsa.es\/index.php\/calidades\/","title":{"rendered":"Calidades"},"content":{"rendered":"[vc_row type=\u00bbfull_width_background\u00bb full_screen_row_position=\u00bbmiddle\u00bb column_margin=\u00bbnone\u00bb equal_height=\u00bbyes\u00bb content_placement=\u00bbmiddle\u00bb column_direction=\u00bbdefault\u00bb column_direction_tablet=\u00bbdefault\u00bb column_direction_phone=\u00bbdefault\u00bb scene_position=\u00bbcenter\u00bb top_padding=\u00bb6%\u00bb bottom_padding=\u00bb6%\u00bb text_color=\u00bbdark\u00bb text_align=\u00bbleft\u00bb row_border_radius=\u00bbnone\u00bb row_border_radius_applies=\u00bbbg\u00bb overlay_strength=\u00bb0.3&#8243; gradient_direction=\u00bbleft_to_right\u00bb shape_divider_position=\u00bbbottom\u00bb bg_image_animation=\u00bbnone\u00bb shape_type=\u00bb\u00bb][vc_column column_padding=\u00bbpadding-10-percent\u00bb column_padding_tablet=\u00bbinherit\u00bb column_padding_phone=\u00bbinherit\u00bb column_padding_position=\u00bball\u00bb background_color=\u00bb#f2f2f2&#8243; background_color_opacity=\u00bb1&#8243; background_hover_color_opacity=\u00bb1&#8243; column_shadow=\u00bbnone\u00bb column_border_radius=\u00bbnone\u00bb column_link_target=\u00bb_self\u00bb gradient_direction=\u00bbleft_to_right\u00bb overlay_strength=\u00bb0.3&#8243; width=\u00bb7\/12&#8243; tablet_width_inherit=\u00bbdefault\u00bb tablet_text_alignment=\u00bbdefault\u00bb phone_text_alignment=\u00bbdefault\u00bb column_border_width=\u00bbnone\u00bb column_border_style=\u00bbsolid\u00bb bg_image_animation=\u00bbnone\u00bb][vc_row_inner column_margin=\u00bbnone\u00bb column_direction=\u00bbdefault\u00bb column_direction_tablet=\u00bbdefault\u00bb column_direction_phone=\u00bbdefault\u00bb bottom_padding=\u00bb20&#8243; text_align=\u00bbleft\u00bb][vc_column_inner column_padding=\u00bbno-extra-padding\u00bb column_padding_tablet=\u00bbinherit\u00bb column_padding_phone=\u00bbinherit\u00bb column_padding_position=\u00bball\u00bb background_color_opacity=\u00bb1&#8243; background_hover_color_opacity=\u00bb1&#8243; column_shadow=\u00bbnone\u00bb column_border_radius=\u00bbnone\u00bb column_link_target=\u00bb_self\u00bb gradient_direction=\u00bbleft_to_right\u00bb overlay_strength=\u00bb0.3&#8243; width=\u00bb1\/1&#8243; tablet_width_inherit=\u00bbdefault\u00bb column_border_width=\u00bbnone\u00bb column_border_style=\u00bbsolid\u00bb bg_image_animation=\u00bbnone\u00bb offset=\u00bbvc_col-lg-11 vc_col-md-11 vc_col-xs-12&#8243;][nectar_highlighted_text color_type=\u00bbregular\u00bb text_color=\u00bb#2d455b\u00bb style=\u00bbfull_text\u00bb]\n<h2>Son los detalles, los que se ven y los que no se ven, lo que diferencia una vivienda de un verdadero hogar.<\/h2>\n[\/nectar_highlighted_text][\/vc_column_inner][\/vc_row_inner][vc_row_inner column_margin=\u00bbdefault\u00bb column_direction=\u00bbdefault\u00bb column_direction_tablet=\u00bbdefault\u00bb column_direction_phone=\u00bbdefault\u00bb text_align=\u00bbleft\u00bb][vc_column_inner column_padding=\u00bbno-extra-padding\u00bb column_padding_tablet=\u00bbinherit\u00bb column_padding_phone=\u00bbinherit\u00bb column_padding_position=\u00bball\u00bb background_color_opacity=\u00bb1&#8243; background_hover_color_opacity=\u00bb1&#8243; column_shadow=\u00bbnone\u00bb column_border_radius=\u00bbnone\u00bb column_link_target=\u00bb_self\u00bb gradient_direction=\u00bbleft_to_right\u00bb overlay_strength=\u00bb0.3&#8243; width=\u00bb1\/1&#8243; tablet_width_inherit=\u00bbdefault\u00bb column_border_width=\u00bbnone\u00bb column_border_style=\u00bbsolid\u00bb bg_image_animation=\u00bbnone\u00bb enable_animation=\u00bbtrue\u00bb animation=\u00bbfade-in-from-bottom\u00bb offset=\u00bbvc_col-lg-11 vc_col-md-11 vc_col-xs-12&#8243;][vc_column_text css=\u00bb.vc_custom_1591919236871{padding-right: 10% !important;}\u00bb]\n<div class=\"page\" title=\"Page 3\">\n<div class=\"layoutArea\">\n<div class=\"column\">\n<p>Materiales eficientes y soluciones pr\u00e1cticas, atractivas y sostenibles. En cada uno de nuestros proyectos, realizamos un esfuerzo continuo por anticipar respuestas a las necesidades de las personas y elevar el nivel y la calidad de vida.<\/p>\n<\/div>\n<\/div>\n<\/div>\n[\/vc_column_text][\/vc_column_inner][\/vc_row_inner][\/vc_column][vc_column column_padding=\u00bbno-extra-padding\u00bb column_padding_tablet=\u00bbinherit\u00bb column_padding_phone=\u00bbinherit\u00bb column_padding_position=\u00bball\u00bb background_color_opacity=\u00bb1&#8243; background_hover_color_opacity=\u00bb1&#8243; column_shadow=\u00bbnone\u00bb column_border_radius=\u00bbnone\u00bb column_link_target=\u00bb_self\u00bb gradient_direction=\u00bbleft_to_right\u00bb overlay_strength=\u00bb0.3&#8243; width=\u00bb5\/12&#8243; tablet_width_inherit=\u00bbdefault\u00bb tablet_text_alignment=\u00bbdefault\u00bb phone_text_alignment=\u00bbdefault\u00bb column_border_width=\u00bbnone\u00bb column_border_style=\u00bbsolid\u00bb bg_image_animation=\u00bbnone\u00bb][vc_row_inner column_margin=\u00bbdefault\u00bb column_direction=\u00bbdefault\u00bb column_direction_tablet=\u00bbdefault\u00bb column_direction_phone=\u00bbdefault\u00bb text_align=\u00bbleft\u00bb][vc_column_inner column_padding=\u00bbno-extra-padding\u00bb column_padding_tablet=\u00bbinherit\u00bb column_padding_phone=\u00bbinherit\u00bb column_padding_position=\u00bball\u00bb background_color_opacity=\u00bb1&#8243; background_hover_color_opacity=\u00bb1&#8243; column_shadow=\u00bbnone\u00bb column_border_radius=\u00bbnone\u00bb column_link_target=\u00bb_self\u00bb gradient_direction=\u00bbleft_to_right\u00bb overlay_strength=\u00bb0.3&#8243; width=\u00bb1\/1&#8243; tablet_width_inherit=\u00bbdefault\u00bb column_border_width=\u00bbnone\u00bb column_border_style=\u00bbsolid\u00bb bg_image_animation=\u00bbnone\u00bb][image_with_animation image_url=\u00bb1119&#8243; animation=\u00bbGrow In\u00bb hover_animation=\u00bbzoom-crop\u00bb alignment=\u00bbright\u00bb border_radius=\u00bbnone\u00bb box_shadow=\u00bbnone\u00bb image_loading=\u00bbdefault\u00bb max_width=\u00bb110%\u00bb max_width_mobile=\u00bbdefault\u00bb][\/vc_column_inner][\/vc_row_inner][\/vc_column][\/vc_row][vc_row type=\u00bbfull_width_background\u00bb full_screen_row_position=\u00bbmiddle\u00bb column_margin=\u00bbdefault\u00bb column_direction=\u00bbdefault\u00bb column_direction_tablet=\u00bbdefault\u00bb column_direction_phone=\u00bbdefault\u00bb scene_position=\u00bbcenter\u00bb top_padding=\u00bb4%\u00bb constrain_group_1=\u00bbyes\u00bb bottom_padding=\u00bb4%\u00bb text_color=\u00bbdark\u00bb text_align=\u00bbleft\u00bb row_border_radius=\u00bbnone\u00bb row_border_radius_applies=\u00bbbg\u00bb overlay_strength=\u00bb0.3&#8243; gradient_direction=\u00bbleft_to_right\u00bb shape_divider_position=\u00bbbottom\u00bb bg_image_animation=\u00bbnone\u00bb shape_type=\u00bb\u00bb][vc_column column_padding=\u00bbpadding-10-percent\u00bb column_padding_tablet=\u00bbinherit\u00bb column_padding_phone=\u00bbinherit\u00bb column_padding_position=\u00bball\u00bb background_color=\u00bb#f2f2f2&#8243; background_color_opacity=\u00bb1&#8243; background_hover_color_opacity=\u00bb1&#8243; column_shadow=\u00bbnone\u00bb column_border_radius=\u00bbnone\u00bb column_link_target=\u00bb_self\u00bb gradient_direction=\u00bbleft_to_right\u00bb overlay_strength=\u00bb0.3&#8243; width=\u00bb1\/1&#8243; tablet_width_inherit=\u00bbdefault\u00bb tablet_text_alignment=\u00bbdefault\u00bb phone_text_alignment=\u00bbdefault\u00bb column_border_width=\u00bbnone\u00bb column_border_style=\u00bbsolid\u00bb bg_image_animation=\u00bbnone\u00bb][vc_row_inner column_margin=\u00bbnone\u00bb column_direction=\u00bbdefault\u00bb column_direction_tablet=\u00bbdefault\u00bb column_direction_phone=\u00bbdefault\u00bb bottom_padding=\u00bb30&#8243; text_align=\u00bbleft\u00bb][vc_column_inner column_padding=\u00bbno-extra-padding\u00bb column_padding_tablet=\u00bbinherit\u00bb column_padding_phone=\u00bbinherit\u00bb column_padding_position=\u00bball\u00bb top_margin=\u00bb8%\u00bb constrain_group_1=\u00bbyes\u00bb bottom_margin=\u00bb8%\u00bb background_color_opacity=\u00bb1&#8243; background_hover_color_opacity=\u00bb1&#8243; column_shadow=\u00bbnone\u00bb column_border_radius=\u00bbnone\u00bb column_link_target=\u00bb_self\u00bb gradient_direction=\u00bbleft_to_right\u00bb overlay_strength=\u00bb0.3&#8243; width=\u00bb1\/1&#8243; tablet_width_inherit=\u00bbdefault\u00bb column_border_width=\u00bbnone\u00bb column_border_style=\u00bbsolid\u00bb bg_image_animation=\u00bbnone\u00bb offset=\u00bbvc_col-lg-11 vc_col-md-11 vc_col-xs-12&#8243;][nectar_highlighted_text color_type=\u00bbregular\u00bb text_color=\u00bb#2d455b\u00bb style=\u00bbfull_text\u00bb]\n<h2>Memoria de calidades<\/h2>\n[\/nectar_highlighted_text][vc_column_text css=\u00bb.vc_custom_1591922763420{margin-bottom: 40px !important;}\u00bb]M\u00e1s abajo podr\u00e1s ver la memoria de calidades de esta promoci\u00f3n. Si lo prefieres puedes descargarla en el siguiente enlace.[\/vc_column_text][nectar_cta btn_style=\u00bbarrow-animation\u00bb heading_tag=\u00bbh5&#8243; text_color=\u00bb#a37b50&#8243; button_color=\u00bbdefault\u00bb link_type=\u00bbnew_tab\u00bb alignment=\u00bbleft\u00bb display=\u00bbblock\u00bb link_text=\u00bbDescargar\u00bb url=\u00bbhttp:\/\/cartagena50.comamsa.es\/wp-content\/uploads\/2020\/09\/calidades_cartagena50-1.pdf\u00bb][\/vc_column_inner][\/vc_row_inner][toggles style=\u00bbminimal\u00bb][toggle color=\u00bbAccent-Color\u00bb title=\u00bbCubierta\u00bb][vc_column_text]\n<div class=\"page\" title=\"Page 4\">\n<div class=\"section\">\n<div class=\"layoutArea\">\n<div class=\"column\">\n<div class=\"page\" title=\"Page 3\">\n<div class=\"section\">\n<div class=\"layoutArea\">\n<div class=\"column\">\n<p>Tanto las cubiertas del edificio, como los suelos de terrazas de \u00e1ticos, se resuelven mediante la ejecuci\u00f3n de cubiertas planas, transitables o no, seg\u00fan caso, constituidas por una capa de mortero de cemento en formaci\u00f3n de pendientes, capa impermeabilizante, aislamiento t\u00e9rmico, mortero de protecci\u00f3n y acabado.<\/p>\n<\/div>\n<\/div>\n<\/div>\n<\/div>\n<\/div>\n<\/div>\n<\/div>\n<\/div>\n[\/vc_column_text][\/toggle][toggle color=\u00bbAccent-Color\u00bb title=\u00bbCimentaci\u00f3n y estructura\u00bb][vc_column_text]\n<div class=\"page\" title=\"Page 4\">\n<div class=\"section\">\n<div class=\"layoutArea\">\n<div class=\"column\">\n<div class=\"page\" title=\"Page 3\">\n<div class=\"section\">\n<div class=\"layoutArea\">\n<div class=\"column\">\n<p>El entramado estructural del edificio consiste en:<\/p>\n<p>Cimentaci\u00f3n superficial de hormig\u00f3n armado para arranque de soportes y muros perimetrales de s\u00f3tano.<\/p>\n<p>Soportes (pilares) y muros perimetrales de s\u00f3tano, de hormig\u00f3n armado. Con la finalidad de reducir el impacto de estos elementos en las plantas de garaje, los elementos que sean de nueva ejecuci\u00f3n, se calculan, dimensionan y replantean teniendo en consideraci\u00f3n la disposici\u00f3n de las plazas de garaje y v\u00edas de distribu- ci\u00f3n.<\/p>\n<p>Forjados reticulares de hormig\u00f3n armado, en elementos existentes y forjado de chapa colaborante, losa de hormig\u00f3n armada u otro sistema a definir por la D.F. para los elementos de nueva ejecuci\u00f3n.<\/p>\n<p>Todos los elementos est\u00e1n dise\u00f1ados, dimensionados y calculados siguiendo las normas de referencia de obligado cumplimiento (C\u00f3digo T\u00e9cnico de la Edificaci\u00f3n e Instrucci\u00f3n de Hormig\u00f3n Estructural).<\/p>\n<p>Se dispondr\u00e1 de un Seguro de Responsabilidad Decenal que cubra los da\u00f1os materiales causados en el edificio por vicios o defectos que afecten a los elementos estructurales y que comprometan directamente la resistencia mec\u00e1nica y la estabilidad del edificio (Ley 38\/1999 de 5 de noviembre de Ordenaci\u00f3n en la Edificaci\u00f3n).<\/p>\n<\/div>\n<\/div>\n<\/div>\n<\/div>\n<\/div>\n<\/div>\n<\/div>\n<\/div>\n[\/vc_column_text][\/toggle][toggle color=\u00bbAccent-Color\u00bb title=\u00bbFachada\u00bb][vc_column_text]\n<div class=\"page\" title=\"Page 5\">\n<div class=\"section\">\n<div class=\"layoutArea\">\n<div class=\"column\">\n<div class=\"page\" title=\"Page 4\">\n<div class=\"section\">\n<div class=\"layoutArea\">\n<div class=\"column\">\n<p>En la <strong>fachada principal<\/strong> se proyecta una fachada ventilada ya que esta tipolog\u00eda\u00a0de fachadas proporciona un importante ahorro energ\u00e9tico, puesto que ofrece un excelente aislamiento t\u00e9rmico (en este caso interior y exteriormente) y ac\u00fastico, al mismo tiempo que presenta una alta resistencia a los agentes atmosf\u00e9ricos y ofrece un impacto est\u00e9tico inmejorable por la calidad de ejecuci\u00f3n y posibilidades de acabados. En este caso se resuelve mediante una f\u00e1brica cer\u00e1mica como elemento portante, aislamiento t\u00e9rmico exterior y subestructura como elemento de fijaci\u00f3n del acabado elegido.<\/p>\n<p>Interiormente, la f\u00e1brica ir\u00e1 trasdosada con un aislamiento t\u00e9rmico, perfiler\u00eda galvanizada y una o dos placas de yeso laminado.<\/p>\n<p>Para las <strong>fachadas interiores o de patios<\/strong>, se optar\u00e1 por un Sistema para Aislamiento T\u00e9rmico Exterior (SATE). Al igual que la fachada ventilada, este sistema ofrece unas elevadas prestaciones t\u00e9rmicas (doble aislamiento t\u00e9rmico interior y exterior). Se compone por una hoja cer\u00e1mica como soporte del sistema, aislamiento exterior fijado mec\u00e1nicamente y acabado a definir por la D.F. Interiormente, la f\u00e1brica ir\u00e1 trasdosada con un aislamiento t\u00e9rmico, perfiler\u00eda galvanizada y una o dos placas de yeso laminado.<\/p>\n<\/div>\n<\/div>\n<\/div>\n<\/div>\n<\/div>\n<\/div>\n<\/div>\n<\/div>\n[\/vc_column_text][\/toggle][toggle color=\u00bbAccent-Color\u00bb title=\u00bbTabiquer\u00eda interior\u00bb][vc_column_text]\n<div class=\"page\" title=\"Page 5\">\n<div class=\"section\">\n<div class=\"layoutArea\">\n<div class=\"column\">\n<div class=\"page\" title=\"Page 4\">\n<div class=\"section\">\n<div class=\"layoutArea\">\n<div class=\"column\">\n<p>Tanto por su alto nivel de acabado y versatilidad, como por sus elevadas prestacio- nes ac\u00fasticas, se proyecta una tabiquer\u00eda interior seca, identificando dos tipolog\u00edas diferenciadas:<\/p>\n<p><strong>Separaci\u00f3n Vivienda &#8211; Vivienda y Vivienda -Elementos Comunes:<\/strong><\/p>\n<p>Compuesta por doble estructura de acero galvanizado rellena de aislamiento termo\u2013ac\u00fastico de lana mineral y separadas entre s\u00ed por una placa de yeso laminado y chapa galvanizada anti-intrusi\u00f3n. Exteriormente, llevar\u00e1 una o dos placas atornilla- das de yeso laminado en ambas caras.<\/p>\n<p>Esta soluci\u00f3n garantiza unas altas prestaciones de aislamiento ac\u00fastico entre la vivienda y los elementos comunes, viviendas contiguas y exterior, en todo caso superiores a las exigidas en la normativa de referencia.<\/p>\n<p><strong>Distribuci\u00f3n interior:<\/strong><\/p>\n<p>La distribuci\u00f3n interior de cada vivienda se configura mediante una estructura de acero galvanizada con alma interior rellena de aislamiento termo\u2013ac\u00fastico de lana mineral y una o dos placas atornilladas de yeso laminado en ambas caras.<\/p>\n<\/div>\n<\/div>\n<\/div>\n<\/div>\n<\/div>\n<\/div>\n<\/div>\n<\/div>\n[\/vc_column_text][\/toggle][toggle color=\u00bbAccent-Color\u00bb title=\u00bbCarpinter\u00eda exterior\u00bb][vc_column_text]\n<div class=\"page\" title=\"Page 6\">\n<div class=\"section\">\n<div class=\"layoutArea\">\n<div class=\"column\">\n<div class=\"page\" title=\"Page 5\">\n<div class=\"section\">\n<div class=\"layoutArea\">\n<div class=\"column\">\n<p>La <strong>carpinter\u00eda exterior<\/strong> ser\u00e1 de altas prestaciones de alto rendimiento t\u00e9rmico y ac\u00fastico. Estar\u00e1 formada por perfiler\u00eda de primera calidad, con doble o triple acristalamiento reforzado con vidrios bajo emisivos con control solar, seg\u00fan demanda exigida por c\u00e1lculo.<\/p>\n<p>Todas las ventanas abatibles contar\u00e1n con una hoja oscilobatiente y aqu\u00e9llas\u00a0que cuenten con persiana enrollable, se tratar\u00e1 de persiana motorizada, de lamas con inyecci\u00f3n interior de poliuretano, caj\u00f3n estanco con aislante t\u00e9rmico interior y m\u00e1xima clasificaci\u00f3n de permeabilidad al aire, consiguiendo as\u00ed elevados valores de reducci\u00f3n ac\u00fastica y garantizando los valores de aislamiento t\u00e9rmico del conjunto de la ventana.<\/p>\n<p>Aquellas ventanas que carezcan de persiana enrollable y que, por su orientaci\u00f3n sea demandado por c\u00e1lculo, ir\u00e1n equipadas con un <strong>sistema de sombreamiento exterior<\/strong> mediante lamas orientables con movimiento de elevaci\u00f3n, descenso y orientaci\u00f3n mec\u00e1nico.<\/p>\n<p>Esta soluci\u00f3n permite la protecci\u00f3n a la exposici\u00f3n solar de los huecos m\u00e1s expuestos y, por su sistema de caj\u00f3n exterior, evita los puentes t\u00e9rmicos y ac\u00fasticos, logrando un mayor confort y ahorro energ\u00e9tico en la vivienda.<\/p>\n<\/div>\n<\/div>\n<\/div>\n<\/div>\n<\/div>\n<\/div>\n<\/div>\n<\/div>\n[\/vc_column_text][\/toggle][toggle color=\u00bbAccent-Color\u00bb title=\u00bbCarpinteria interior\u00bb][vc_column_text]\n<div class=\"page\" title=\"Page 6\">\n<div class=\"section\">\n<div class=\"layoutArea\">\n<div class=\"column\">\n<div class=\"page\" title=\"Page 5\">\n<div class=\"section\">\n<div class=\"layoutArea\">\n<div class=\"column\">\n<p>De cara a garantizar la m\u00e1xima seguridad en su hogar, <strong>la puerta de acceso principal a la vivienda ser\u00e1 acorazada<\/strong>, con cerco y bastidor de acero, blindaje de hoja con chapa de acero. El acabado de la hoja exterior ir\u00e1 a juego con el entorno, pudi\u00e9ndose elegir el acabado de la cara interior entre las distintas opciones ofertadas. Se dotar\u00e1 con cerradura de seguridad anti-bumping.<\/p>\n<p>Las <strong>puertas de paso<\/strong> ser\u00e1n de madera maciza lacada en blanco, pudi\u00e9ndose elegir su acabado entre las distintas opciones ofertadas. Todos los herrajes ir\u00e1n en acero inoxidable o latonados.<\/p>\n<p>Los <strong>armarios empotrados<\/strong> llevar\u00e1n el mismo acabado que la porter\u00eda interior, con hojas batientes. Estar\u00e1n forrados interiormente, y se dotar\u00e1n de balda separadora de altillo y barra de colgar.<\/p>\n<p><strong>Los herrajes de la carpinter\u00eda podr\u00e1n ser elegidos entre varios modelos<\/strong>, con acabado en acero inox o latonado.<\/p>\n<\/div>\n<\/div>\n<\/div>\n<\/div>\n<\/div>\n<\/div>\n<\/div>\n<\/div>\n[\/vc_column_text][\/toggle][toggle color=\u00bbAccent-Color\u00bb title=\u00bbParamentos verticales y techos\u00bb][vc_column_text]\n<div class=\"page\" title=\"Page 7\">\n<div class=\"section\">\n<div class=\"layoutArea\">\n<div class=\"column\">\n<div class=\"page\" title=\"Page 6\">\n<div class=\"section\">\n<div class=\"layoutArea\">\n<div class=\"column\">\n<p>La tabiquer\u00eda interior ser\u00e1 en seco, con aislamiento intermedio y terminadas en pintura lisa, que aportar\u00e1 gran sensaci\u00f3n de amplitud a las estancias.<\/p>\n<p>La vivienda llevar\u00e1 falsos techos de yeso laminado terminados en pintura lisa, para aumentar la iluminaci\u00f3n de las piezas.<\/p>\n<p>Las pinturas empleadas en ambos casos ser\u00e1 de bajo contenido en compuestos org\u00e1nicos vol\u00e1tiles y <strong>se podr\u00e1 elegir entre una carta de colores en tonos suaves.<\/strong><\/p>\n<\/div>\n<\/div>\n<\/div>\n<\/div>\n<\/div>\n<\/div>\n<\/div>\n<\/div>\n[\/vc_column_text][\/toggle][toggle color=\u00bbAccent-Color\u00bb title=\u00bbPavimentos\u00bb][vc_column_text]\n<div class=\"page\" title=\"Page 7\">\n<div class=\"section\">\n<div class=\"layoutArea\">\n<div class=\"column\">\n<div class=\"page\" title=\"Page 6\">\n<div class=\"section\">\n<div class=\"layoutArea\">\n<div class=\"column\">\n<p>En huecos h\u00famedos -ba\u00f1os y cocina- ser\u00e1 cer\u00e1mico de primera calidad; en el resto de la vivienda en tarima flotante sobre l\u00e1mina ac\u00fastica anti-impacto o en cer\u00e1mica en formato imitaci\u00f3n madera de alta calidad. <strong>En ambos casos se podr\u00e1 elegir entre una amplia gama ofertada.<\/strong><\/p>\n<\/div>\n<\/div>\n<\/div>\n<\/div>\n<\/div>\n<\/div>\n<\/div>\n<\/div>\n[\/vc_column_text][\/toggle][toggle color=\u00bbAccent-Color\u00bb title=\u00bbElectricidad y telecomunicaciones\u00bb][vc_column_text]\n<div class=\"page\" title=\"Page 8\">\n<div class=\"section\">\n<div class=\"layoutArea\">\n<div class=\"column\">\n<div class=\"page\" title=\"Page 6\">\n<div class=\"section\">\n<div class=\"layoutArea\">\n<div class=\"column\">\n<p>Red de baja tensi\u00f3n en todas las instalaciones cumpliendo la normativa vigente.<\/p>\n<p>Puntos de luz y enchufes en proporci\u00f3n adecuada a la superficie y habit\u00e1culos de la vivienda; con mecanismos de alta calidad.<\/p>\n<p>Tomas de tv recepci\u00f3n a\u00e9rea y por cable, fm-am, en sal\u00f3n y dormitorios. Tomas de tel\u00e9fono ADSL en cocina, sal\u00f3n y dormitorios.<\/p>\n<\/div>\n<\/div>\n<\/div>\n<\/div>\n<\/div>\n<\/div>\n<\/div>\n<\/div>\n[\/vc_column_text][\/toggle][toggle color=\u00bbAccent-Color\u00bb title=\u00bbBa\u00f1os y fontaner\u00eda\u00bb][vc_column_text]\n<div class=\"page\" title=\"Page 8\">\n<div class=\"section\">\n<div class=\"layoutArea\">\n<div class=\"column\">\n<div class=\"page\" title=\"Page 7\">\n<div class=\"section\">\n<div class=\"layoutArea\">\n<div class=\"column\">\n<p><strong>Revestimientos cer\u00e1micos de primera calidad<\/strong> y diversos formatos con modelos de est\u00e9tica moderna y actual que los dotar\u00e1n de un ambiente elegante y de calidad.<\/p>\n<p><strong>Llave de corte independiente<\/strong> en cada hueco h\u00famedo, y general de vivienda; contador individual de consumo.<\/p>\n<p>Aparatos sanitarios de porcelana vitrificada de primera calidad, combinados con moderna grifer\u00eda monomando y economizadores de chorro. Amplios platos de ducha con tratamiento antideslizante y grifer\u00eda termost\u00e1tica.<\/p>\n<div class=\"page\" title=\"Page 7\">\n<div class=\"section\">\n<div class=\"layoutArea\">\n<div class=\"column\">\n<p><strong>Ofertamos diferentes opciones de sanitarios para que puedas personalizar tu ba\u00f1o o aseo a tu gusto.<\/strong><\/p>\n<\/div>\n<\/div>\n<\/div>\n<\/div>\n<\/div>\n<\/div>\n<\/div>\n<\/div>\n<\/div>\n<\/div>\n<\/div>\n<\/div>\n[\/vc_column_text][\/toggle][toggle color=\u00bbAccent-Color\u00bb title=\u00bbCocinas\u00bb][vc_column_text]\n<div class=\"page\" title=\"Page 9\">\n<div class=\"section\">\n<div class=\"layoutArea\">\n<div class=\"column\">\n<div class=\"page\" title=\"Page 7\">\n<div class=\"section\">\n<div class=\"layoutArea\">\n<div class=\"column\">\n<p>Equipadas con muebles altos -hasta el techo- y bajos, combinados con encimera de cuarzo tipo \u201csilestone\u201d o similar, a elegir entre las opciones ofertadas.<\/p>\n<p>Las cocinas se entregar\u00e1n equipadas con electrodom\u00e9sticos de la mayor calificaci\u00f3n energ\u00e9tica: placa vitrocer\u00e1mica, campana extractora decorativa, horno el\u00e9ctrico multifunci\u00f3n, frigor\u00edfico, lavavajillas y lavadora\/secadora<\/p>\n<p>El fregadero ser\u00e1 encastrado de acero y con grifo monomando con funcionalidad extensible.<\/p>\n<p>Iluminaci\u00f3n en techo down-light, con tecnolog\u00eda led.<\/p>\n<\/div>\n<\/div>\n<\/div>\n<\/div>\n<\/div>\n<\/div>\n<\/div>\n<\/div>\n[\/vc_column_text][\/toggle][toggle color=\u00bbAccent-Color\u00bb title=\u00bbGarajes\u00bb][vc_column_text]\n<div class=\"page\" title=\"Page 10\">\n<div class=\"section\">\n<div class=\"layoutArea\">\n<div class=\"column\">\n<div class=\"page\" title=\"Page 8\">\n<div class=\"section\">\n<div class=\"layoutArea\">\n<div class=\"column\">\n<p>El edificio contar\u00e1 con tres plantas de s\u00f3tano destinado a garaje, con \u00e1reas de aparcamiento de distintas dimensiones y acceso por montacoches.<\/p>\n<p>Este espacio se diferenciar\u00e1 de los garajes tradicionales por su calidad de acabados y cuidado dise\u00f1o:<\/p>\n<ul>\n<li>Pavimentos de altas calidades, aptos para el uso al que se destinan, antideslizantes y de f\u00e1cil cuidado y mantenimiento.<\/li>\n<li>Iluminaci\u00f3n con tecnolog\u00eda led.<\/li>\n<li>Dotaci\u00f3n de puntos de recarga para veh\u00edculos el\u00e9ctricos.<\/li>\n<\/ul>\n<p>Tambi\u00e9n se dispondr\u00e1n, en las plantas s\u00f3tano, funcionales trasteros con puerta met\u00e1lica y autoventilantes.<\/p>\n<p>El garaje contar\u00e1 con instalaci\u00f3n de protecci\u00f3n contra incendios, seg\u00fan normativa actual (detecci\u00f3n y alarma, extinci\u00f3n y se\u00f1alizaci\u00f3n).<\/p>\n<\/div>\n<\/div>\n<\/div>\n<\/div>\n<\/div>\n<\/div>\n<\/div>\n<\/div>\n[\/vc_column_text][\/toggle][toggle color=\u00bbAccent-Color\u00bb title=\u00bbVivienda Conectada\u00bb][vc_column_text]\n<div class=\"page\" title=\"Page 10\">\n<div class=\"section\">\n<div class=\"layoutArea\">\n<div class=\"column\">\n<div class=\"page\" title=\"Page 10\">\n<div class=\"section\">\n<div class=\"layoutArea\">\n<div class=\"column\">\n<div class=\"page\" title=\"Page 10\">\n<div class=\"section\">\n<div class=\"layoutArea\">\n<div class=\"column\">\n<p>El sistema domo\u0301tico que integra tu vivienda esta\u0301 compuesto por una serie de<\/p>\n<p>dispositivos que aumentan el nivel de confort a la vez que velan por tu seguridad.<\/p>\n<p>Las viviendas tendra\u0301n un determinado grado de automatizacio\u0301n mediante la incorporacio\u0301n de mecanismos de primera calidad.<\/p>\n<p>El sistema aportara\u0301 distintos servicios de gestio\u0301n energe\u0301tica, seguridad, bienestar y comunicacio\u0301n, entre ellos:<\/p>\n<ul>\n<li>Regulacio\u0301n de los sistemas de calefaccio\u0301n mediante telefoni\u0301a mo\u0301vil, Wi-Fi y\/o Ethernet.<\/li>\n<li>Control de persianas ele\u0301ctricas, apertura y cierre general de las mismas.<\/li>\n<li>Control de la iluminacio\u0301n, apagado general de la vivienda.<\/li>\n<\/ul>\n<p><strong>Sistema de video portero.<\/strong> Videoportero con monitor con pantalla panora\u0301mica a color con conexio\u0301n Wi-Fi que permite el desvi\u0301o de llamadas a dispositivos mo\u0301viles y gestio\u0301n de las funciones del videoportero desde un mo\u0301vil o tablet mediante app asociada. Conecta con tu hogar aunque este\u0301s lejos<\/p>\n<p><strong>Alarmas te\u0301cnicas<\/strong><\/p>\n<p style=\"padding-left: 40px;\"><strong>Sistema CCTV<\/strong> (Circuito cerrado de TV). La grabacio\u0301n en zonas comu- nes (portal y garajes) hara\u0301 que te sientas seguro y protegido. Funciona con una app asociada para la visualizacio\u0301n.<\/p>\n<p style=\"padding-left: 40px;\"><strong>Sistema de alarma anti incendio.<\/strong> Alarma te\u0301cnica de incendios situada en el interior de las viviendas y formada por red de detectores (una unidad por vivienda) estrate\u0301gicamente situados.<\/p>\n<\/div>\n<\/div>\n<\/div>\n<\/div>\n<\/div>\n<\/div>\n<\/div>\n<\/div>\n<\/div>\n<\/div>\n<\/div>\n<\/div>\n[\/vc_column_text][\/toggle][toggle color=\u00bbAccent-Color\u00bb title=\u00bbSeguridad\u00bb][vc_column_text]\n<div class=\"page\" title=\"Page 11\">\n<div class=\"section\">\n<div class=\"layoutArea\">\n<div class=\"column\">\n<div class=\"page\" title=\"Page 8\">\n<div class=\"section\">\n<div class=\"layoutArea\">\n<div class=\"column\">\n<p>Preocup\u00e1ndonos por la seguridad de los residentes, tanto frente a actos vand\u00e1licos, delictivos o accidentales, dotaremos al edificio de determinadas medidas encaminadas a minorar estas situaciones, entre ellas:<\/p>\n<ul>\n<li>Instalaci\u00f3n de videovigilancia en zonas comunes.<\/li>\n<li>Detectores de incendio estrat\u00e9gicamente colocados en interior vivienda.<\/li>\n<li>Equipo de alumbrado de emergencia empotrado en falso techo junto al\u00a0cuadro el\u00e9ctrico.<\/li>\n<li>Dotaci\u00f3n de extintor de incendios tipo ABC en cada una de las viviendas.<\/li>\n<li>Dotaci\u00f3n de equipo desfibrilador externo semiautom\u00e1tico en zona com\u00fan.<\/li>\n<li>Sistema de acceso restringido a zonas comunes y espacios privativos mediante amaestramiento de llaves y discriminaci\u00f3n selectiva de accesos.<\/li>\n<\/ul>\n<\/div>\n<\/div>\n<\/div>\n<\/div>\n<\/div>\n<\/div>\n<\/div>\n<\/div>\n[\/vc_column_text][\/toggle][toggle color=\u00bbAccent-Color\u00bb title=\u00bbClimatizaci\u00f3n\u00bb][vc_column_text]\n<div class=\"page\" title=\"Page 11\">\n<div class=\"section\">\n<div class=\"layoutArea\">\n<div class=\"column\">\n<div class=\"page\" title=\"Page 9\">\n<div class=\"section\">\n<div class=\"layoutArea\">\n<div class=\"column\">\n<p>De acuerdo a los altos niveles de calidad y eficiencia exigidos por el est\u00e1ndar Passivhauss, las viviendas ir\u00e1n equipadas con un <strong>sistema de ventilaci\u00f3n mec\u00e1nica de doble flujo con recuperador de calor.<\/strong><\/p>\n<p>Consta de un equipo de alto rendimiento cuya funci\u00f3n consiste en extraer aire de las estancias h\u00famedas y propicias a generar humos y olores (ba\u00f1os, cocinas &#8230;). Esta extracci\u00f3n se realiza directamente al exterior, mediante conductos estancos. Al tiempo, el equipo introduce aire limpio tomado directamente al exterior, al resto de estancias no consideradas como puntos de extracci\u00f3n.<\/p>\n<p>Este aire introducido, antes de ser impulsado al interior de la vivienda, pasa por unos filtros de alta capacidad F7, que son capaces de filtrar part\u00edculas de tama\u00f1o &gt; 1 \u03bcm( arena, polen polvo, hongo, moho) y aproximadamente el 65% de las part\u00edculas \u2264 1 \u03bcm: Virus, bacterias, nanopart\u00edculas, holl\u00edn, etc.<\/p>\n<p>Tanto el aire que es extra\u00eddo como el introducido en la vivienda, se encuentran en un punto (recuperador de calor) en el cual, sin mezclar sus flujos, se produce un traspaso de temperatura del aire extra\u00eddo al aire que se introduce en la vivienda, consiguiendo as\u00ed un precalentamiento del mismo. Aproximadamente, cuando la temperatura en el interior de la vivienda es de 21oC y de 0oC en el exterior, gracias al recuperador de calor, cuando el aire exterior llega a nuestra vivienda, lo hace a una temperatura de 18oC.<\/p>\n<p>El aporte de energ\u00eda necesaria para conseguir alcanzar la temperatura de confort definitiva se consigue con distintos sistemas adicionales de baja demanda energ\u00e9tica y consumos.<\/p>\n<p>En este caso se proyecta una<strong> instalaci\u00f3n de aerotermia con suelo radiante y refrescante e instalaci\u00f3n fotovoltaica en cubierta<\/strong> de apoyo. Los salones llevar\u00e1n un fancoil de apoyo al suelo refrescante.<\/p>\n<\/div>\n<\/div>\n<\/div>\n<\/div>\n<\/div>\n<\/div>\n<\/div>\n<\/div>\n[\/vc_column_text][\/toggle][\/toggles][divider line_type=\u00bbNo Line\u00bb custom_height=\u00bb40&#8243;][\/vc_column][\/vc_row][vc_row type=\u00bbfull_width_background\u00bb full_screen_row_position=\u00bbmiddle\u00bb column_margin=\u00bbdefault\u00bb column_direction=\u00bbdefault\u00bb column_direction_tablet=\u00bbdefault\u00bb column_direction_phone=\u00bbdefault\u00bb scene_position=\u00bbcenter\u00bb top_padding=\u00bb5%\u00bb bottom_padding=\u00bb10%\u00bb text_color=\u00bblight\u00bb text_align=\u00bbcenter\u00bb row_border_radius=\u00bbnone\u00bb row_border_radius_applies=\u00bbbg\u00bb id=\u00bbhome\u00bb disable_element=\u00bbyes\u00bb overlay_strength=\u00bb1&#8243; gradient_direction=\u00bbleft_to_right\u00bb shape_divider_position=\u00bbbottom\u00bb shape_divider_height=\u00bb40%\u00bb bg_image_animation=\u00bbnone\u00bb shape_type=\u00bbstraight_section\u00bb][vc_column column_padding=\u00bbpadding-5-percent\u00bb column_padding_tablet=\u00bbinherit\u00bb column_padding_phone=\u00bbinherit\u00bb column_padding_position=\u00bbleft-right\u00bb background_color_opacity=\u00bb1&#8243; background_hover_color_opacity=\u00bb1&#8243; background_image=\u00bb287&#8243; background_image_position=\u00bbcenter center\u00bb enable_bg_scale=\u00bbtrue\u00bb column_shadow=\u00bbnone\u00bb column_border_radius=\u00bb5px\u00bb column_link_target=\u00bb_self\u00bb enable_gradient=\u00bbtrue\u00bb color_overlay=\u00bb#2d455b\u00bb color_overlay_2=\u00bb#183d5b\u00bb gradient_direction=\u00bbleft_t_to_right_b\u00bb overlay_strength=\u00bb0.95&#8243; width=\u00bb1\/1&#8243; tablet_width_inherit=\u00bbdefault\u00bb tablet_text_alignment=\u00bbdefault\u00bb phone_text_alignment=\u00bbdefault\u00bb column_border_width=\u00bbnone\u00bb bg_image_animation=\u00bbnone\u00bb][vc_row_inner column_margin=\u00bbnone\u00bb column_direction=\u00bbdefault\u00bb column_direction_tablet=\u00bbdefault\u00bb column_direction_phone=\u00bbdefault\u00bb top_padding=\u00bb10%\u00bb text_align=\u00bbleft\u00bb][vc_column_inner column_padding=\u00bbno-extra-padding\u00bb column_padding_tablet=\u00bbinherit\u00bb column_padding_phone=\u00bbinherit\u00bb column_padding_position=\u00bball\u00bb centered_text=\u00bbtrue\u00bb background_color_opacity=\u00bb1&#8243; background_hover_color_opacity=\u00bb1&#8243; column_shadow=\u00bbnone\u00bb column_border_radius=\u00bbnone\u00bb column_link_target=\u00bb_self\u00bb gradient_direction=\u00bbleft_to_right\u00bb overlay_strength=\u00bb0.3&#8243; width=\u00bb1\/1&#8243; tablet_width_inherit=\u00bbdefault\u00bb column_border_width=\u00bbnone\u00bb column_border_style=\u00bbsolid\u00bb bg_image_animation=\u00bbnone\u00bb][split_line_heading animation_type=\u00bbline-reveal-by-space\u00bb font_style=\u00bbh3&#8243; text_content=\u00bb\u00bfTe interesa esta promoci\u00f3n?\u00bb animation_delay=\u00bb400&#8243;][\/split_line_heading][\/vc_column_inner][\/vc_row_inner][vc_row_inner column_margin=\u00bbdefault\u00bb column_direction=\u00bbdefault\u00bb column_direction_tablet=\u00bbdefault\u00bb column_direction_phone=\u00bbdefault\u00bb top_padding=\u00bb5%\u00bb bottom_padding=\u00bb8%\u00bb text_align=\u00bbleft\u00bb][vc_column_inner column_padding=\u00bbno-extra-padding\u00bb column_padding_tablet=\u00bbinherit\u00bb column_padding_phone=\u00bbinherit\u00bb column_padding_position=\u00bball\u00bb background_color_opacity=\u00bb1&#8243; background_hover_color_opacity=\u00bb1&#8243; column_shadow=\u00bbnone\u00bb column_border_radius=\u00bbnone\u00bb column_link_target=\u00bb_self\u00bb gradient_direction=\u00bbleft_to_right\u00bb overlay_strength=\u00bb0.3&#8243; width=\u00bb1\/1&#8243; tablet_width_inherit=\u00bbdefault\u00bb column_border_width=\u00bbnone\u00bb column_border_style=\u00bbsolid\u00bb bg_image_animation=\u00bbnone\u00bb enable_animation=\u00bbtrue\u00bb animation=\u00bbfade-in-from-bottom\u00bb delay=\u00bb200&#8243;][nectar_btn size=\u00bbjumbo\u00bb button_style=\u00bbsee-through-2&#8243; color_override=\u00bb#ffffff\u00bb hover_text_color_override=\u00bb#ffffff\u00bb icon_family=\u00bbnone\u00bb button_id=\u00bbcita\u00bb text=\u00bbSolicitar m\u00e1s informaci\u00f3n\u00bb margin_right=\u00bb0&#8243; url=\u00bb#amenities\u00bb][\/vc_column_inner][\/vc_row_inner][\/vc_column][\/vc_row]\n","protected":false},"excerpt":{"rendered":"<p>[vc_row type=\u00bbfull_width_background\u00bb full_screen_row_position=\u00bbmiddle\u00bb column_margin=\u00bbnone\u00bb equal_height=\u00bbyes\u00bb content_placement=\u00bbmiddle\u00bb column_direction=\u00bbdefault\u00bb column_direction_tablet=\u00bbdefault\u00bb column_direction_phone=\u00bbdefault\u00bb scene_position=\u00bbcenter\u00bb top_padding=\u00bb6%\u00bb bottom_padding=\u00bb6%\u00bb text_color=\u00bbdark\u00bb text_align=\u00bbleft\u00bb row_border_radius=\u00bbnone\u00bb row_border_radius_applies=\u00bbbg\u00bb overlay_strength=\u00bb0.3&#8243; gradient_direction=\u00bbleft_to_right\u00bb shape_divider_position=\u00bbbottom\u00bb bg_image_animation=\u00bbnone\u00bb shape_type=\u00bb\u00bb][vc_column column_padding=\u00bbpadding-10-percent\u00bb column_padding_tablet=\u00bbinherit\u00bb column_padding_phone=\u00bbinherit\u00bb column_padding_position=\u00bball\u00bb background_color=\u00bb#f2f2f2&#8243; background_color_opacity=\u00bb1&#8243; background_hover_color_opacity=\u00bb1&#8243; column_shadow=\u00bbnone\u00bb column_border_radius=\u00bbnone\u00bb&#8230;<\/p>\n","protected":false},"author":1,"featured_media":0,"parent":0,"menu_order":0,"comment_status":"closed","ping_status":"closed","template":"","meta":[],"yoast_head":"<!-- This site is optimized with the Yoast SEO plugin v18.2 - https:\/\/yoast.com\/wordpress\/plugins\/seo\/ -->\n<title>Calidades - Cartagena 50<\/title>\n<meta name=\"description\" content=\"Gonz\u00e1lez del Valle 9. Promoci\u00f3n de viviendas Passivhaus a la venta, en un edificio conectado, en el centro de Oviedo con la garant\u00eda de Comamsa.\" \/>\n<meta name=\"robots\" content=\"index, follow, max-snippet:-1, max-image-preview:large, max-video-preview:-1\" \/>\n<link rel=\"canonical\" href=\"https:\/\/cartagena50.comamsa.es\/index.php\/calidades\/\" \/>\n<meta property=\"og:locale\" content=\"es_ES\" \/>\n<meta property=\"og:type\" content=\"article\" \/>\n<meta property=\"og:title\" content=\"Calidades - Cartagena 50\" \/>\n<meta property=\"og:description\" content=\"Gonz\u00e1lez del Valle 9. Promoci\u00f3n de viviendas Passivhaus a la venta, en un edificio conectado, en el centro de Oviedo con la garant\u00eda de Comamsa.\" \/>\n<meta property=\"og:url\" content=\"https:\/\/cartagena50.comamsa.es\/index.php\/calidades\/\" \/>\n<meta property=\"og:site_name\" content=\"Cartagena 50\" \/>\n<meta property=\"article:publisher\" content=\"https:\/\/www.facebook.com\/comamsaconstruccion\" \/>\n<meta property=\"article:modified_time\" content=\"2022-04-22T09:03:44+00:00\" \/>\n<meta name=\"twitter:card\" content=\"summary_large_image\" \/>\n<meta name=\"twitter:label1\" content=\"Tiempo de lectura\" \/>\n\t<meta name=\"twitter:data1\" content=\"11 minutos\" \/>\n<script type=\"application\/ld+json\" class=\"yoast-schema-graph\">{\"@context\":\"https:\/\/schema.org\",\"@graph\":[{\"@type\":\"Organization\",\"@id\":\"https:\/\/cartagena50.comamsa.es\/#organization\",\"name\":\"Comamsa\",\"url\":\"https:\/\/cartagena50.comamsa.es\/\",\"sameAs\":[\"https:\/\/www.facebook.com\/comamsaconstruccion\",\"https:\/\/www.instagram.com\/comamsa\/\"],\"logo\":{\"@type\":\"ImageObject\",\"@id\":\"https:\/\/cartagena50.comamsa.es\/#logo\",\"inLanguage\":\"es\",\"url\":\"https:\/\/cartagena50.comamsa.es\/wp-content\/uploads\/2020\/06\/logo_comamsa_oficial.png\",\"contentUrl\":\"https:\/\/cartagena50.comamsa.es\/wp-content\/uploads\/2020\/06\/logo_comamsa_oficial.png\",\"width\":561,\"height\":111,\"caption\":\"Comamsa\"},\"image\":{\"@id\":\"https:\/\/cartagena50.comamsa.es\/#logo\"}},{\"@type\":\"WebSite\",\"@id\":\"https:\/\/cartagena50.comamsa.es\/#website\",\"url\":\"https:\/\/cartagena50.comamsa.es\/\",\"name\":\"Cartagena 50\",\"description\":\"Comamsa\",\"publisher\":{\"@id\":\"https:\/\/cartagena50.comamsa.es\/#organization\"},\"potentialAction\":[{\"@type\":\"SearchAction\",\"target\":{\"@type\":\"EntryPoint\",\"urlTemplate\":\"https:\/\/cartagena50.comamsa.es\/?s={search_term_string}\"},\"query-input\":\"required name=search_term_string\"}],\"inLanguage\":\"es\"},{\"@type\":\"WebPage\",\"@id\":\"https:\/\/cartagena50.comamsa.es\/index.php\/calidades\/#webpage\",\"url\":\"https:\/\/cartagena50.comamsa.es\/index.php\/calidades\/\",\"name\":\"Calidades - Cartagena 50\",\"isPartOf\":{\"@id\":\"https:\/\/cartagena50.comamsa.es\/#website\"},\"datePublished\":\"2020-06-21T18:13:56+00:00\",\"dateModified\":\"2022-04-22T09:03:44+00:00\",\"description\":\"Gonz\u00e1lez del Valle 9. Promoci\u00f3n de viviendas Passivhaus a la venta, en un edificio conectado, en el centro de Oviedo con la garant\u00eda de Comamsa.\",\"breadcrumb\":{\"@id\":\"https:\/\/cartagena50.comamsa.es\/index.php\/calidades\/#breadcrumb\"},\"inLanguage\":\"es\",\"potentialAction\":[{\"@type\":\"ReadAction\",\"target\":[\"https:\/\/cartagena50.comamsa.es\/index.php\/calidades\/\"]}]},{\"@type\":\"BreadcrumbList\",\"@id\":\"https:\/\/cartagena50.comamsa.es\/index.php\/calidades\/#breadcrumb\",\"itemListElement\":[{\"@type\":\"ListItem\",\"position\":1,\"name\":\"Portada\",\"item\":\"https:\/\/cartagena50.comamsa.es\/\"},{\"@type\":\"ListItem\",\"position\":2,\"name\":\"Calidades\"}]}]}<\/script>\n<!-- \/ Yoast SEO plugin. -->","yoast_head_json":{"title":"Calidades - Cartagena 50","description":"Gonz\u00e1lez del Valle 9. Promoci\u00f3n de viviendas Passivhaus a la venta, en un edificio conectado, en el centro de Oviedo con la garant\u00eda de Comamsa.","robots":{"index":"index","follow":"follow","max-snippet":"max-snippet:-1","max-image-preview":"max-image-preview:large","max-video-preview":"max-video-preview:-1"},"canonical":"https:\/\/cartagena50.comamsa.es\/index.php\/calidades\/","og_locale":"es_ES","og_type":"article","og_title":"Calidades - Cartagena 50","og_description":"Gonz\u00e1lez del Valle 9. Promoci\u00f3n de viviendas Passivhaus a la venta, en un edificio conectado, en el centro de Oviedo con la garant\u00eda de Comamsa.","og_url":"https:\/\/cartagena50.comamsa.es\/index.php\/calidades\/","og_site_name":"Cartagena 50","article_publisher":"https:\/\/www.facebook.com\/comamsaconstruccion","article_modified_time":"2022-04-22T09:03:44+00:00","twitter_card":"summary_large_image","twitter_misc":{"Tiempo de lectura":"11 minutos"},"schema":{"@context":"https:\/\/schema.org","@graph":[{"@type":"Organization","@id":"https:\/\/cartagena50.comamsa.es\/#organization","name":"Comamsa","url":"https:\/\/cartagena50.comamsa.es\/","sameAs":["https:\/\/www.facebook.com\/comamsaconstruccion","https:\/\/www.instagram.com\/comamsa\/"],"logo":{"@type":"ImageObject","@id":"https:\/\/cartagena50.comamsa.es\/#logo","inLanguage":"es","url":"https:\/\/cartagena50.comamsa.es\/wp-content\/uploads\/2020\/06\/logo_comamsa_oficial.png","contentUrl":"https:\/\/cartagena50.comamsa.es\/wp-content\/uploads\/2020\/06\/logo_comamsa_oficial.png","width":561,"height":111,"caption":"Comamsa"},"image":{"@id":"https:\/\/cartagena50.comamsa.es\/#logo"}},{"@type":"WebSite","@id":"https:\/\/cartagena50.comamsa.es\/#website","url":"https:\/\/cartagena50.comamsa.es\/","name":"Cartagena 50","description":"Comamsa","publisher":{"@id":"https:\/\/cartagena50.comamsa.es\/#organization"},"potentialAction":[{"@type":"SearchAction","target":{"@type":"EntryPoint","urlTemplate":"https:\/\/cartagena50.comamsa.es\/?s={search_term_string}"},"query-input":"required name=search_term_string"}],"inLanguage":"es"},{"@type":"WebPage","@id":"https:\/\/cartagena50.comamsa.es\/index.php\/calidades\/#webpage","url":"https:\/\/cartagena50.comamsa.es\/index.php\/calidades\/","name":"Calidades - Cartagena 50","isPartOf":{"@id":"https:\/\/cartagena50.comamsa.es\/#website"},"datePublished":"2020-06-21T18:13:56+00:00","dateModified":"2022-04-22T09:03:44+00:00","description":"Gonz\u00e1lez del Valle 9. Promoci\u00f3n de viviendas Passivhaus a la venta, en un edificio conectado, en el centro de Oviedo con la garant\u00eda de Comamsa.","breadcrumb":{"@id":"https:\/\/cartagena50.comamsa.es\/index.php\/calidades\/#breadcrumb"},"inLanguage":"es","potentialAction":[{"@type":"ReadAction","target":["https:\/\/cartagena50.comamsa.es\/index.php\/calidades\/"]}]},{"@type":"BreadcrumbList","@id":"https:\/\/cartagena50.comamsa.es\/index.php\/calidades\/#breadcrumb","itemListElement":[{"@type":"ListItem","position":1,"name":"Portada","item":"https:\/\/cartagena50.comamsa.es\/"},{"@type":"ListItem","position":2,"name":"Calidades"}]}]}},"_links":{"self":[{"href":"https:\/\/cartagena50.comamsa.es\/index.php\/wp-json\/wp\/v2\/pages\/666"}],"collection":[{"href":"https:\/\/cartagena50.comamsa.es\/index.php\/wp-json\/wp\/v2\/pages"}],"about":[{"href":"https:\/\/cartagena50.comamsa.es\/index.php\/wp-json\/wp\/v2\/types\/page"}],"author":[{"embeddable":true,"href":"https:\/\/cartagena50.comamsa.es\/index.php\/wp-json\/wp\/v2\/users\/1"}],"replies":[{"embeddable":true,"href":"https:\/\/cartagena50.comamsa.es\/index.php\/wp-json\/wp\/v2\/comments?post=666"}],"version-history":[{"count":13,"href":"https:\/\/cartagena50.comamsa.es\/index.php\/wp-json\/wp\/v2\/pages\/666\/revisions"}],"predecessor-version":[{"id":704,"href":"https:\/\/cartagena50.comamsa.es\/index.php\/wp-json\/wp\/v2\/pages\/666\/revisions\/704"}],"wp:attachment":[{"href":"https:\/\/cartagena50.comamsa.es\/index.php\/wp-json\/wp\/v2\/media?parent=666"}],"curies":[{"name":"wp","href":"https:\/\/api.w.org\/{rel}","templated":true}]}}